{"id":1282,"date":"2015-04-21T13:32:10","date_gmt":"2015-04-21T13:32:10","guid":{"rendered":"http:\/\/meyer-siegfried.com\/eifeler-dorfschreiner-holzbau-zimmerei-dachdecker\/?page_id=1282"},"modified":"2021-01-01T13:44:45","modified_gmt":"2021-01-01T13:44:45","slug":"moebel-auf-mass","status":"publish","type":"page","link":"https:\/\/www.meyer-siegfried.com\/eifeler-dorfschreiner-holzbau-zimmerei-dachdecker\/moebel-auf-mass\/","title":{"rendered":"M\u00f6bel auf Ma\u00df"},"content":{"rendered":"<p style=\"text-align: left;\"><span style=\"font-family: Arial, sans-serif;\">Wir bieten Ihnen individuelle M\u00f6belst\u00fccke nach Ma\u00df \u2013 <strong>Ganz nach Ihren W\u00fcnschen<\/strong>.<br \/>\nNicht nur Einrichtungen, sondern auch K\u00fcchen planen und fertigen wir f\u00fcr Sie in der gefordert<span style=\"color: #000000;\">en Gr\u00f6\u00dfe an.<\/span><\/span><\/p>\n<hr \/>\n\t\t\t\t\t\t<div class=\"gallery_box_single\">\n\t\t\t\t\t\t\t\t\t\t\t\t\t\t\t<div class=\"gallery gllr_grid\" data-gllr-columns=\"4\" data-gllr-border-width=\"10\">\n\t\t\t\t\t\t\t\t\t\t\t\t\t\t\t\t\t\t\t\t<div class=\"gllr_image_row\">\n\t\t\t\t\t\t\t\t\t\t\t\t\t\t\t\t\t\t\t\t\t<div class=\"gllr_image_block\">\n\t\t\t\t\t\t\t\t\t\t\t\t<p style=\"\n\t\t\t\t\t\t\t\t\t\t\t\twidth:220px;height:180px;\t\t\t\t\t\t\t\t\t\t\t\t\">\n\t\t\t\t\t\t\t\t\t\t\t\t\t\t\t\t\t\t\t\t\t\t\t\t\t\t\t\t<a data-fancybox=\"gallery_fancybox_1359\" href=\"https:\/\/www.meyer-siegfried.com\/eifeler-dorfschreiner-holzbau-zimmerei-dachdecker\/wp-content\/uploads\/2023\/06\/DSCF3894-1024x683.jpg\" title=\"\" >\n\t\t\t\t\t\t\t\t\t\t\t\t\t\t\t\t<img decoding=\"async\" width=&quot;200&quot; height=&quot;160&quot; style=\"width:200px; height:160px; border-width: 10px; border-color:#f1f1f1;border: 10px solid #f1f1f1\" alt=\"\" title=\"\" src=\"https:\/\/www.meyer-siegfried.com\/eifeler-dorfschreiner-holzbau-zimmerei-dachdecker\/wp-content\/uploads\/2023\/06\/DSCF3894.jpg\" rel=\"https:\/\/www.meyer-siegfried.com\/eifeler-dorfschreiner-holzbau-zimmerei-dachdecker\/wp-content\/uploads\/2023\/06\/DSCF3894.jpg\" \/>\t\t\t\t\t\t\t\t\t\t\t\t\t\t\t<\/a>\n\t\t\t\t\t\t\t\t\t\t\t\t\t\t\t\t\t\t\t\t\t\t\t\t\t\t<\/p>\n\t\t\t\t\t\t\t\t\t\t\t\t\t\t\t\t\t\t\t\t\t\t\t\t\t<div \n\t\t\t\t\t\t\t\t\t\t\t\t\tstyle=\"width:220px;\"\t\t\t\t\t\t\t\t\t\t\t\t\tclass=\"gllr_single_image_text gllr_single_image_text_under\">&nbsp;<\/div>\n\t\t\t\t\t\t\t\t\t\t\t\t\t\t\t\t\t\t\t\t\t\t\t<\/div><!-- .gllr_image_block -->\n\t\t\t\t\t\t\t\t\t\t\t\t\t\t\t\t\t\t\t\t\t<div class=\"gllr_image_block\">\n\t\t\t\t\t\t\t\t\t\t\t\t<p style=\"\n\t\t\t\t\t\t\t\t\t\t\t\twidth:220px;height:180px;\t\t\t\t\t\t\t\t\t\t\t\t\">\n\t\t\t\t\t\t\t\t\t\t\t\t\t\t\t\t\t\t\t\t\t\t\t\t\t\t\t\t<a data-fancybox=\"gallery_fancybox_1359\" href=\"https:\/\/www.meyer-siegfried.com\/eifeler-dorfschreiner-holzbau-zimmerei-dachdecker\/wp-content\/uploads\/2023\/06\/f2f59825-2d8a-4a51-aaf2-ad905b54d9c6-473x1024.jpg\" title=\"\" >\n\t\t\t\t\t\t\t\t\t\t\t\t\t\t\t\t<img decoding=\"async\" width=&quot;200&quot; height=&quot;160&quot; style=\"width:200px; height:160px; border-width: 10px; border-color:#f1f1f1;border: 10px solid #f1f1f1\" alt=\"\" title=\"\" src=\"https:\/\/www.meyer-siegfried.com\/eifeler-dorfschreiner-holzbau-zimmerei-dachdecker\/wp-content\/uploads\/2023\/06\/f2f59825-2d8a-4a51-aaf2-ad905b54d9c6-200x160.jpg\" rel=\"https:\/\/www.meyer-siegfried.com\/eifeler-dorfschreiner-holzbau-zimmerei-dachdecker\/wp-content\/uploads\/2023\/06\/f2f59825-2d8a-4a51-aaf2-ad905b54d9c6.jpg\" \/>\t\t\t\t\t\t\t\t\t\t\t\t\t\t\t<\/a>\n\t\t\t\t\t\t\t\t\t\t\t\t\t\t\t\t\t\t\t\t\t\t\t\t\t\t<\/p>\n\t\t\t\t\t\t\t\t\t\t\t\t\t\t\t\t\t\t\t\t\t\t\t\t\t<div \n\t\t\t\t\t\t\t\t\t\t\t\t\tstyle=\"width:220px;\"\t\t\t\t\t\t\t\t\t\t\t\t\tclass=\"gllr_single_image_text gllr_single_image_text_under\">&nbsp;<\/div>\n\t\t\t\t\t\t\t\t\t\t\t\t\t\t\t\t\t\t\t\t\t\t\t<\/div><!-- .gllr_image_block -->\n\t\t\t\t\t\t\t\t\t\t\t\t\t\t\t\t\t\t\t\t\t<div class=\"gllr_image_block\">\n\t\t\t\t\t\t\t\t\t\t\t\t<p style=\"\n\t\t\t\t\t\t\t\t\t\t\t\twidth:220px;height:180px;\t\t\t\t\t\t\t\t\t\t\t\t\">\n\t\t\t\t\t\t\t\t\t\t\t\t\t\t\t\t\t\t\t\t\t\t\t\t\t\t\t\t<a data-fancybox=\"gallery_fancybox_1359\" href=\"https:\/\/www.meyer-siegfried.com\/eifeler-dorfschreiner-holzbau-zimmerei-dachdecker\/wp-content\/uploads\/2022\/09\/DSC05587-681x1024.jpg\" title=\"\" >\n\t\t\t\t\t\t\t\t\t\t\t\t\t\t\t\t<img decoding=\"async\" width=&quot;200&quot; height=&quot;160&quot; style=\"width:200px; height:160px; border-width: 10px; border-color:#f1f1f1;border: 10px solid #f1f1f1\" alt=\"\" title=\"\" src=\"https:\/\/www.meyer-siegfried.com\/eifeler-dorfschreiner-holzbau-zimmerei-dachdecker\/wp-content\/uploads\/2022\/09\/DSC05587-200x160.jpg\" rel=\"https:\/\/www.meyer-siegfried.com\/eifeler-dorfschreiner-holzbau-zimmerei-dachdecker\/wp-content\/uploads\/2022\/09\/DSC05587-scaled.jpg\" \/>\t\t\t\t\t\t\t\t\t\t\t\t\t\t\t<\/a>\n\t\t\t\t\t\t\t\t\t\t\t\t\t\t\t\t\t\t\t\t\t\t\t\t\t\t<\/p>\n\t\t\t\t\t\t\t\t\t\t\t\t\t\t\t\t\t\t\t\t\t\t\t\t\t<div \n\t\t\t\t\t\t\t\t\t\t\t\t\tstyle=\"width:220px;\"\t\t\t\t\t\t\t\t\t\t\t\t\tclass=\"gllr_single_image_text gllr_single_image_text_under\">&nbsp;<\/div>\n\t\t\t\t\t\t\t\t\t\t\t\t\t\t\t\t\t\t\t\t\t\t\t<\/div><!-- .gllr_image_block -->\n\t\t\t\t\t\t\t\t\t\t\t\t\t\t\t\t\t\t\t\t\t<div class=\"gllr_image_block\">\n\t\t\t\t\t\t\t\t\t\t\t\t<p style=\"\n\t\t\t\t\t\t\t\t\t\t\t\twidth:220px;height:180px;\t\t\t\t\t\t\t\t\t\t\t\t\">\n\t\t\t\t\t\t\t\t\t\t\t\t\t\t\t\t\t\t\t\t\t\t\t\t\t\t\t\t<a data-fancybox=\"gallery_fancybox_1359\" href=\"https:\/\/www.meyer-siegfried.com\/eifeler-dorfschreiner-holzbau-zimmerei-dachdecker\/wp-content\/uploads\/2022\/09\/DSC05632-1024x681.jpg\" title=\"\" >\n\t\t\t\t\t\t\t\t\t\t\t\t\t\t\t\t<img decoding=\"async\" width=&quot;200&quot; height=&quot;160&quot; style=\"width:200px; height:160px; border-width: 10px; border-color:#f1f1f1;border: 10px solid #f1f1f1\" alt=\"\" title=\"\" src=\"https:\/\/www.meyer-siegfried.com\/eifeler-dorfschreiner-holzbau-zimmerei-dachdecker\/wp-content\/uploads\/2022\/09\/DSC05632-200x160.jpg\" rel=\"https:\/\/www.meyer-siegfried.com\/eifeler-dorfschreiner-holzbau-zimmerei-dachdecker\/wp-content\/uploads\/2022\/09\/DSC05632-scaled.jpg\" \/>\t\t\t\t\t\t\t\t\t\t\t\t\t\t\t<\/a>\n\t\t\t\t\t\t\t\t\t\t\t\t\t\t\t\t\t\t\t\t\t\t\t\t\t\t<\/p>\n\t\t\t\t\t\t\t\t\t\t\t\t\t\t\t\t\t\t\t\t\t\t\t\t\t<div \n\t\t\t\t\t\t\t\t\t\t\t\t\tstyle=\"width:220px;\"\t\t\t\t\t\t\t\t\t\t\t\t\tclass=\"gllr_single_image_text gllr_single_image_text_under\">&nbsp;<\/div>\n\t\t\t\t\t\t\t\t\t\t\t\t\t\t\t\t\t\t\t\t\t\t\t<\/div><!-- .gllr_image_block -->\n\t\t\t\t\t\t\t\t\t\t\t\t\t\t\t\t\t\t\t\t\t<\/div><!-- .gllr_image_row -->\n\t\t\t\t\t\t\t\t\t\t\t\t\t\t\t\t\t\t\t\t\t\t<div class=\"gllr_image_row\">\n\t\t\t\t\t\t\t\t\t\t\t\t\t\t\t\t\t\t\t\t\t<div class=\"gllr_image_block\">\n\t\t\t\t\t\t\t\t\t\t\t\t<p style=\"\n\t\t\t\t\t\t\t\t\t\t\t\twidth:220px;height:180px;\t\t\t\t\t\t\t\t\t\t\t\t\">\n\t\t\t\t\t\t\t\t\t\t\t\t\t\t\t\t\t\t\t\t\t\t\t\t\t\t\t\t<a data-fancybox=\"gallery_fancybox_1359\" href=\"https:\/\/www.meyer-siegfried.com\/eifeler-dorfschreiner-holzbau-zimmerei-dachdecker\/wp-content\/uploads\/2022\/09\/4eca44fd-792e-44bd-acee-486247c92d15-473x1024.jpg\" title=\"\" >\n\t\t\t\t\t\t\t\t\t\t\t\t\t\t\t\t<img decoding=\"async\" width=&quot;200&quot; height=&quot;160&quot; style=\"width:200px; height:160px; border-width: 10px; border-color:#f1f1f1;border: 10px solid #f1f1f1\" alt=\"\" title=\"\" src=\"https:\/\/www.meyer-siegfried.com\/eifeler-dorfschreiner-holzbau-zimmerei-dachdecker\/wp-content\/uploads\/2022\/09\/4eca44fd-792e-44bd-acee-486247c92d15-200x160.jpg\" rel=\"https:\/\/www.meyer-siegfried.com\/eifeler-dorfschreiner-holzbau-zimmerei-dachdecker\/wp-content\/uploads\/2022\/09\/4eca44fd-792e-44bd-acee-486247c92d15.jpg\" \/>\t\t\t\t\t\t\t\t\t\t\t\t\t\t\t<\/a>\n\t\t\t\t\t\t\t\t\t\t\t\t\t\t\t\t\t\t\t\t\t\t\t\t\t\t<\/p>\n\t\t\t\t\t\t\t\t\t\t\t\t\t\t\t\t\t\t\t\t\t\t\t\t\t<div \n\t\t\t\t\t\t\t\t\t\t\t\t\tstyle=\"width:220px;\"\t\t\t\t\t\t\t\t\t\t\t\t\tclass=\"gllr_single_image_text gllr_single_image_text_under\">&nbsp;<\/div>\n\t\t\t\t\t\t\t\t\t\t\t\t\t\t\t\t\t\t\t\t\t\t\t<\/div><!-- .gllr_image_block -->\n\t\t\t\t\t\t\t\t\t\t\t\t\t\t\t\t\t\t\t\t\t<div class=\"gllr_image_block\">\n\t\t\t\t\t\t\t\t\t\t\t\t<p style=\"\n\t\t\t\t\t\t\t\t\t\t\t\twidth:220px;height:180px;\t\t\t\t\t\t\t\t\t\t\t\t\">\n\t\t\t\t\t\t\t\t\t\t\t\t\t\t\t\t\t\t\t\t\t\t\t\t\t\t\t\t<a data-fancybox=\"gallery_fancybox_1359\" href=\"https:\/\/www.meyer-siegfried.com\/eifeler-dorfschreiner-holzbau-zimmerei-dachdecker\/wp-content\/uploads\/2022\/09\/51f461e6-455d-4aed-a7f9-7560fed30e3a-473x1024.jpg\" title=\"\" >\n\t\t\t\t\t\t\t\t\t\t\t\t\t\t\t\t<img decoding=\"async\" width=&quot;200&quot; height=&quot;160&quot; style=\"width:200px; height:160px; border-width: 10px; border-color:#f1f1f1;border: 10px solid #f1f1f1\" alt=\"\" title=\"\" src=\"https:\/\/www.meyer-siegfried.com\/eifeler-dorfschreiner-holzbau-zimmerei-dachdecker\/wp-content\/uploads\/2022\/09\/51f461e6-455d-4aed-a7f9-7560fed30e3a-200x160.jpg\" rel=\"https:\/\/www.meyer-siegfried.com\/eifeler-dorfschreiner-holzbau-zimmerei-dachdecker\/wp-content\/uploads\/2022\/09\/51f461e6-455d-4aed-a7f9-7560fed30e3a.jpg\" \/>\t\t\t\t\t\t\t\t\t\t\t\t\t\t\t<\/a>\n\t\t\t\t\t\t\t\t\t\t\t\t\t\t\t\t\t\t\t\t\t\t\t\t\t\t<\/p>\n\t\t\t\t\t\t\t\t\t\t\t\t\t\t\t\t\t\t\t\t\t\t\t\t\t<div \n\t\t\t\t\t\t\t\t\t\t\t\t\tstyle=\"width:220px;\"\t\t\t\t\t\t\t\t\t\t\t\t\tclass=\"gllr_single_image_text gllr_single_image_text_under\">&nbsp;<\/div>\n\t\t\t\t\t\t\t\t\t\t\t\t\t\t\t\t\t\t\t\t\t\t\t<\/div><!-- .gllr_image_block -->\n\t\t\t\t\t\t\t\t\t\t\t\t\t\t\t\t\t\t\t\t\t<div class=\"gllr_image_block\">\n\t\t\t\t\t\t\t\t\t\t\t\t<p style=\"\n\t\t\t\t\t\t\t\t\t\t\t\twidth:220px;height:180px;\t\t\t\t\t\t\t\t\t\t\t\t\">\n\t\t\t\t\t\t\t\t\t\t\t\t\t\t\t\t\t\t\t\t\t\t\t\t\t\t\t\t<a data-fancybox=\"gallery_fancybox_1359\" href=\"https:\/\/www.meyer-siegfried.com\/eifeler-dorfschreiner-holzbau-zimmerei-dachdecker\/wp-content\/uploads\/2022\/09\/2aa67942-bb19-4e94-b823-86af66a54e22-Kopie-473x1024.jpg\" title=\"\" >\n\t\t\t\t\t\t\t\t\t\t\t\t\t\t\t\t<img decoding=\"async\" width=&quot;200&quot; height=&quot;160&quot; style=\"width:200px; height:160px; border-width: 10px; border-color:#f1f1f1;border: 10px solid #f1f1f1\" alt=\"\" title=\"\" src=\"https:\/\/www.meyer-siegfried.com\/eifeler-dorfschreiner-holzbau-zimmerei-dachdecker\/wp-content\/uploads\/2022\/09\/2aa67942-bb19-4e94-b823-86af66a54e22-Kopie-200x160.jpg\" rel=\"https:\/\/www.meyer-siegfried.com\/eifeler-dorfschreiner-holzbau-zimmerei-dachdecker\/wp-content\/uploads\/2022\/09\/2aa67942-bb19-4e94-b823-86af66a54e22-Kopie.jpg\" \/>\t\t\t\t\t\t\t\t\t\t\t\t\t\t\t<\/a>\n\t\t\t\t\t\t\t\t\t\t\t\t\t\t\t\t\t\t\t\t\t\t\t\t\t\t<\/p>\n\t\t\t\t\t\t\t\t\t\t\t\t\t\t\t\t\t\t\t\t\t\t\t\t\t<div \n\t\t\t\t\t\t\t\t\t\t\t\t\tstyle=\"width:220px;\"\t\t\t\t\t\t\t\t\t\t\t\t\tclass=\"gllr_single_image_text gllr_single_image_text_under\">&nbsp;<\/div>\n\t\t\t\t\t\t\t\t\t\t\t\t\t\t\t\t\t\t\t\t\t\t\t<\/div><!-- .gllr_image_block -->\n\t\t\t\t\t\t\t\t\t\t\t\t\t\t\t\t\t\t\t\t\t<div class=\"gllr_image_block\">\n\t\t\t\t\t\t\t\t\t\t\t\t<p style=\"\n\t\t\t\t\t\t\t\t\t\t\t\twidth:220px;height:180px;\t\t\t\t\t\t\t\t\t\t\t\t\">\n\t\t\t\t\t\t\t\t\t\t\t\t\t\t\t\t\t\t\t\t\t\t\t\t\t\t\t\t<a data-fancybox=\"gallery_fancybox_1359\" href=\"https:\/\/www.meyer-siegfried.com\/eifeler-dorfschreiner-holzbau-zimmerei-dachdecker\/wp-content\/uploads\/2022\/09\/43c68929-0f27-4161-9662-89afe750a730-473x1024.jpg\" title=\"\" >\n\t\t\t\t\t\t\t\t\t\t\t\t\t\t\t\t<img decoding=\"async\" width=&quot;200&quot; height=&quot;160&quot; style=\"width:200px; height:160px; border-width: 10px; border-color:#f1f1f1;border: 10px solid #f1f1f1\" alt=\"\" title=\"\" src=\"https:\/\/www.meyer-siegfried.com\/eifeler-dorfschreiner-holzbau-zimmerei-dachdecker\/wp-content\/uploads\/2022\/09\/43c68929-0f27-4161-9662-89afe750a730-200x160.jpg\" rel=\"https:\/\/www.meyer-siegfried.com\/eifeler-dorfschreiner-holzbau-zimmerei-dachdecker\/wp-content\/uploads\/2022\/09\/43c68929-0f27-4161-9662-89afe750a730.jpg\" \/>\t\t\t\t\t\t\t\t\t\t\t\t\t\t\t<\/a>\n\t\t\t\t\t\t\t\t\t\t\t\t\t\t\t\t\t\t\t\t\t\t\t\t\t\t<\/p>\n\t\t\t\t\t\t\t\t\t\t\t\t\t\t\t\t\t\t\t\t\t\t\t\t\t<div \n\t\t\t\t\t\t\t\t\t\t\t\t\tstyle=\"width:220px;\"\t\t\t\t\t\t\t\t\t\t\t\t\tclass=\"gllr_single_image_text gllr_single_image_text_under\">&nbsp;<\/div>\n\t\t\t\t\t\t\t\t\t\t\t\t\t\t\t\t\t\t\t\t\t\t\t<\/div><!-- .gllr_image_block -->\n\t\t\t\t\t\t\t\t\t\t\t\t\t\t\t\t\t\t\t\t\t<\/div><!-- .gllr_image_row -->\n\t\t\t\t\t\t\t\t\t\t\t\t\t\t\t\t\t\t\t\t\t\t<div class=\"gllr_image_row\">\n\t\t\t\t\t\t\t\t\t\t\t\t\t\t\t\t\t\t\t\t\t<div class=\"gllr_image_block\">\n\t\t\t\t\t\t\t\t\t\t\t\t<p style=\"\n\t\t\t\t\t\t\t\t\t\t\t\twidth:220px;height:180px;\t\t\t\t\t\t\t\t\t\t\t\t\">\n\t\t\t\t\t\t\t\t\t\t\t\t\t\t\t\t\t\t\t\t\t\t\t\t\t\t\t\t<a data-fancybox=\"gallery_fancybox_1359\" href=\"https:\/\/www.meyer-siegfried.com\/eifeler-dorfschreiner-holzbau-zimmerei-dachdecker\/wp-content\/uploads\/2022\/09\/0233e8a8-2737-4cc4-a7e3-6adda98a07bd-473x1024.jpg\" title=\"\" >\n\t\t\t\t\t\t\t\t\t\t\t\t\t\t\t\t<img decoding=\"async\" width=&quot;200&quot; height=&quot;160&quot; style=\"width:200px; height:160px; border-width: 10px; border-color:#f1f1f1;border: 10px solid #f1f1f1\" alt=\"\" title=\"\" src=\"https:\/\/www.meyer-siegfried.com\/eifeler-dorfschreiner-holzbau-zimmerei-dachdecker\/wp-content\/uploads\/2022\/09\/0233e8a8-2737-4cc4-a7e3-6adda98a07bd-200x160.jpg\" rel=\"https:\/\/www.meyer-siegfried.com\/eifeler-dorfschreiner-holzbau-zimmerei-dachdecker\/wp-content\/uploads\/2022\/09\/0233e8a8-2737-4cc4-a7e3-6adda98a07bd.jpg\" \/>\t\t\t\t\t\t\t\t\t\t\t\t\t\t\t<\/a>\n\t\t\t\t\t\t\t\t\t\t\t\t\t\t\t\t\t\t\t\t\t\t\t\t\t\t<\/p>\n\t\t\t\t\t\t\t\t\t\t\t\t\t\t\t\t\t\t\t\t\t\t\t\t\t<div \n\t\t\t\t\t\t\t\t\t\t\t\t\tstyle=\"width:220px;\"\t\t\t\t\t\t\t\t\t\t\t\t\tclass=\"gllr_single_image_text gllr_single_image_text_under\">&nbsp;<\/div>\n\t\t\t\t\t\t\t\t\t\t\t\t\t\t\t\t\t\t\t\t\t\t\t<\/div><!-- .gllr_image_block -->\n\t\t\t\t\t\t\t\t\t\t\t\t\t\t\t\t\t\t\t\t\t<div class=\"gllr_image_block\">\n\t\t\t\t\t\t\t\t\t\t\t\t<p style=\"\n\t\t\t\t\t\t\t\t\t\t\t\twidth:220px;height:180px;\t\t\t\t\t\t\t\t\t\t\t\t\">\n\t\t\t\t\t\t\t\t\t\t\t\t\t\t\t\t\t\t\t\t\t\t\t\t\t\t\t\t<a data-fancybox=\"gallery_fancybox_1359\" href=\"https:\/\/www.meyer-siegfried.com\/eifeler-dorfschreiner-holzbau-zimmerei-dachdecker\/wp-content\/uploads\/2017\/11\/23335898_10214610476600249_277112198_o-1024x683.jpg\" title=\"\" >\n\t\t\t\t\t\t\t\t\t\t\t\t\t\t\t\t<img decoding=\"async\" width=&quot;200&quot; height=&quot;160&quot; style=\"width:200px; height:160px; border-width: 10px; border-color:#f1f1f1;border: 10px solid #f1f1f1\" alt=\"\" title=\"\" src=\"https:\/\/www.meyer-siegfried.com\/eifeler-dorfschreiner-holzbau-zimmerei-dachdecker\/wp-content\/uploads\/2017\/11\/23335898_10214610476600249_277112198_o-200x160.jpg\" rel=\"https:\/\/www.meyer-siegfried.com\/eifeler-dorfschreiner-holzbau-zimmerei-dachdecker\/wp-content\/uploads\/2017\/11\/23335898_10214610476600249_277112198_o.jpg\" \/>\t\t\t\t\t\t\t\t\t\t\t\t\t\t\t<\/a>\n\t\t\t\t\t\t\t\t\t\t\t\t\t\t\t\t\t\t\t\t\t\t\t\t\t\t<\/p>\n\t\t\t\t\t\t\t\t\t\t\t\t\t\t\t\t\t\t\t\t\t\t\t\t\t<div \n\t\t\t\t\t\t\t\t\t\t\t\t\tstyle=\"width:220px;\"\t\t\t\t\t\t\t\t\t\t\t\t\tclass=\"gllr_single_image_text gllr_single_image_text_under\">&nbsp;<\/div>\n\t\t\t\t\t\t\t\t\t\t\t\t\t\t\t\t\t\t\t\t\t\t\t<\/div><!-- .gllr_image_block -->\n\t\t\t\t\t\t\t\t\t\t\t\t\t\t\t\t\t\t\t\t\t<div class=\"gllr_image_block\">\n\t\t\t\t\t\t\t\t\t\t\t\t<p style=\"\n\t\t\t\t\t\t\t\t\t\t\t\twidth:220px;height:180px;\t\t\t\t\t\t\t\t\t\t\t\t\">\n\t\t\t\t\t\t\t\t\t\t\t\t\t\t\t\t\t\t\t\t\t\t\t\t\t\t\t\t<a data-fancybox=\"gallery_fancybox_1359\" href=\"https:\/\/www.meyer-siegfried.com\/eifeler-dorfschreiner-holzbau-zimmerei-dachdecker\/wp-content\/uploads\/2017\/11\/23318472_10214610512761153_1613702214_n.jpg\" title=\"\" >\n\t\t\t\t\t\t\t\t\t\t\t\t\t\t\t\t<img decoding=\"async\" width=&quot;200&quot; height=&quot;160&quot; style=\"width:200px; height:160px; border-width: 10px; border-color:#f1f1f1;border: 10px solid #f1f1f1\" alt=\"\" title=\"\" src=\"https:\/\/www.meyer-siegfried.com\/eifeler-dorfschreiner-holzbau-zimmerei-dachdecker\/wp-content\/uploads\/2017\/11\/23318472_10214610512761153_1613702214_n-200x160.jpg\" rel=\"https:\/\/www.meyer-siegfried.com\/eifeler-dorfschreiner-holzbau-zimmerei-dachdecker\/wp-content\/uploads\/2017\/11\/23318472_10214610512761153_1613702214_n.jpg\" \/>\t\t\t\t\t\t\t\t\t\t\t\t\t\t\t<\/a>\n\t\t\t\t\t\t\t\t\t\t\t\t\t\t\t\t\t\t\t\t\t\t\t\t\t\t<\/p>\n\t\t\t\t\t\t\t\t\t\t\t\t\t\t\t\t\t\t\t\t\t\t\t\t\t<div \n\t\t\t\t\t\t\t\t\t\t\t\t\tstyle=\"width:220px;\"\t\t\t\t\t\t\t\t\t\t\t\t\tclass=\"gllr_single_image_text gllr_single_image_text_under\">&nbsp;<\/div>\n\t\t\t\t\t\t\t\t\t\t\t\t\t\t\t\t\t\t\t\t\t\t\t<\/div><!-- .gllr_image_block -->\n\t\t\t\t\t\t\t\t\t\t\t\t\t\t\t\t\t\t\t\t\t<div class=\"gllr_image_block\">\n\t\t\t\t\t\t\t\t\t\t\t\t<p style=\"\n\t\t\t\t\t\t\t\t\t\t\t\twidth:220px;height:180px;\t\t\t\t\t\t\t\t\t\t\t\t\">\n\t\t\t\t\t\t\t\t\t\t\t\t\t\t\t\t\t\t\t\t\t\t\t\t\t\t\t\t<a data-fancybox=\"gallery_fancybox_1359\" href=\"https:\/\/www.meyer-siegfried.com\/eifeler-dorfschreiner-holzbau-zimmerei-dachdecker\/wp-content\/uploads\/2015\/04\/IMG_1448-1024x768.jpg\" title=\"\" >\n\t\t\t\t\t\t\t\t\t\t\t\t\t\t\t\t<img decoding=\"async\" width=&quot;200&quot; height=&quot;160&quot; style=\"width:200px; height:160px; border-width: 10px; border-color:#f1f1f1;border: 10px solid #f1f1f1\" alt=\"\" title=\"\" src=\"https:\/\/www.meyer-siegfried.com\/eifeler-dorfschreiner-holzbau-zimmerei-dachdecker\/wp-content\/uploads\/2015\/04\/IMG_1448-200x160.jpg\" rel=\"https:\/\/www.meyer-siegfried.com\/eifeler-dorfschreiner-holzbau-zimmerei-dachdecker\/wp-content\/uploads\/2015\/04\/IMG_1448.jpg\" \/>\t\t\t\t\t\t\t\t\t\t\t\t\t\t\t<\/a>\n\t\t\t\t\t\t\t\t\t\t\t\t\t\t\t\t\t\t\t\t\t\t\t\t\t\t<\/p>\n\t\t\t\t\t\t\t\t\t\t\t\t\t\t\t\t\t\t\t\t\t\t\t\t\t<div \n\t\t\t\t\t\t\t\t\t\t\t\t\tstyle=\"width:220px;\"\t\t\t\t\t\t\t\t\t\t\t\t\tclass=\"gllr_single_image_text gllr_single_image_text_under\">&nbsp;<\/div>\n\t\t\t\t\t\t\t\t\t\t\t\t\t\t\t\t\t\t\t\t\t\t\t<\/div><!-- .gllr_image_block -->\n\t\t\t\t\t\t\t\t\t\t\t\t\t\t\t\t\t\t\t\t\t<\/div><!-- .gllr_image_row -->\n\t\t\t\t\t\t\t\t\t\t\t\t\t\t\t\t\t\t\t\t\t\t<div class=\"gllr_image_row\">\n\t\t\t\t\t\t\t\t\t\t\t\t\t\t\t\t\t\t\t\t\t<div class=\"gllr_image_block\">\n\t\t\t\t\t\t\t\t\t\t\t\t<p style=\"\n\t\t\t\t\t\t\t\t\t\t\t\twidth:220px;height:180px;\t\t\t\t\t\t\t\t\t\t\t\t\">\n\t\t\t\t\t\t\t\t\t\t\t\t\t\t\t\t\t\t\t\t\t\t\t\t\t\t\t\t<a data-fancybox=\"gallery_fancybox_1359\" href=\"https:\/\/www.meyer-siegfried.com\/eifeler-dorfschreiner-holzbau-zimmerei-dachdecker\/wp-content\/uploads\/2015\/04\/IMG_1465-e1499146174680-768x1024.jpg\" title=\"\" >\n\t\t\t\t\t\t\t\t\t\t\t\t\t\t\t\t<img decoding=\"async\" width=&quot;200&quot; height=&quot;160&quot; style=\"width:200px; height:160px; border-width: 10px; border-color:#f1f1f1;border: 10px solid #f1f1f1\" alt=\"\" title=\"\" src=\"https:\/\/www.meyer-siegfried.com\/eifeler-dorfschreiner-holzbau-zimmerei-dachdecker\/wp-content\/uploads\/2015\/04\/IMG_1465-e1499146174680-200x160.jpg\" rel=\"https:\/\/www.meyer-siegfried.com\/eifeler-dorfschreiner-holzbau-zimmerei-dachdecker\/wp-content\/uploads\/2015\/04\/IMG_1465-e1499146174680.jpg\" \/>\t\t\t\t\t\t\t\t\t\t\t\t\t\t\t<\/a>\n\t\t\t\t\t\t\t\t\t\t\t\t\t\t\t\t\t\t\t\t\t\t\t\t\t\t<\/p>\n\t\t\t\t\t\t\t\t\t\t\t\t\t\t\t\t\t\t\t\t\t\t\t\t\t<div \n\t\t\t\t\t\t\t\t\t\t\t\t\tstyle=\"width:220px;\"\t\t\t\t\t\t\t\t\t\t\t\t\tclass=\"gllr_single_image_text gllr_single_image_text_under\">&nbsp;<\/div>\n\t\t\t\t\t\t\t\t\t\t\t\t\t\t\t\t\t\t\t\t\t\t\t<\/div><!-- .gllr_image_block -->\n\t\t\t\t\t\t\t\t\t\t\t\t\t\t\t\t\t\t\t\t\t<div class=\"gllr_image_block\">\n\t\t\t\t\t\t\t\t\t\t\t\t<p style=\"\n\t\t\t\t\t\t\t\t\t\t\t\twidth:220px;height:180px;\t\t\t\t\t\t\t\t\t\t\t\t\">\n\t\t\t\t\t\t\t\t\t\t\t\t\t\t\t\t\t\t\t\t\t\t\t\t\t\t\t\t<a data-fancybox=\"gallery_fancybox_1359\" href=\"https:\/\/www.meyer-siegfried.com\/eifeler-dorfschreiner-holzbau-zimmerei-dachdecker\/wp-content\/uploads\/2015\/04\/IMG_1451-e1499146065217-768x1024.jpg\" title=\"\" >\n\t\t\t\t\t\t\t\t\t\t\t\t\t\t\t\t<img decoding=\"async\" width=&quot;200&quot; height=&quot;160&quot; style=\"width:200px; height:160px; border-width: 10px; border-color:#f1f1f1;border: 10px solid #f1f1f1\" alt=\"\" title=\"\" src=\"https:\/\/www.meyer-siegfried.com\/eifeler-dorfschreiner-holzbau-zimmerei-dachdecker\/wp-content\/uploads\/2015\/04\/IMG_1451-e1499146065217-200x160.jpg\" rel=\"https:\/\/www.meyer-siegfried.com\/eifeler-dorfschreiner-holzbau-zimmerei-dachdecker\/wp-content\/uploads\/2015\/04\/IMG_1451-e1499146065217.jpg\" \/>\t\t\t\t\t\t\t\t\t\t\t\t\t\t\t<\/a>\n\t\t\t\t\t\t\t\t\t\t\t\t\t\t\t\t\t\t\t\t\t\t\t\t\t\t<\/p>\n\t\t\t\t\t\t\t\t\t\t\t\t\t\t\t\t\t\t\t\t\t\t\t\t\t<div \n\t\t\t\t\t\t\t\t\t\t\t\t\tstyle=\"width:220px;\"\t\t\t\t\t\t\t\t\t\t\t\t\tclass=\"gllr_single_image_text gllr_single_image_text_under\">&nbsp;<\/div>\n\t\t\t\t\t\t\t\t\t\t\t\t\t\t\t\t\t\t\t\t\t\t\t<\/div><!-- .gllr_image_block -->\n\t\t\t\t\t\t\t\t\t\t\t\t\t\t\t\t\t\t\t\t\t<div class=\"gllr_image_block\">\n\t\t\t\t\t\t\t\t\t\t\t\t<p style=\"\n\t\t\t\t\t\t\t\t\t\t\t\twidth:220px;height:180px;\t\t\t\t\t\t\t\t\t\t\t\t\">\n\t\t\t\t\t\t\t\t\t\t\t\t\t\t\t\t\t\t\t\t\t\t\t\t\t\t\t\t<a data-fancybox=\"gallery_fancybox_1359\" href=\"https:\/\/www.meyer-siegfried.com\/eifeler-dorfschreiner-holzbau-zimmerei-dachdecker\/wp-content\/uploads\/2015\/04\/B\u00fctgenbacher-Hof-016-1024x768.jpg\" title=\"\" >\n\t\t\t\t\t\t\t\t\t\t\t\t\t\t\t\t<img decoding=\"async\" width=&quot;200&quot; height=&quot;160&quot; style=\"width:200px; height:160px; border-width: 10px; border-color:#f1f1f1;border: 10px solid #f1f1f1\" alt=\"\" title=\"\" src=\"https:\/\/www.meyer-siegfried.com\/eifeler-dorfschreiner-holzbau-zimmerei-dachdecker\/wp-content\/uploads\/2015\/04\/B\u00fctgenbacher-Hof-016-200x160.jpg\" rel=\"https:\/\/www.meyer-siegfried.com\/eifeler-dorfschreiner-holzbau-zimmerei-dachdecker\/wp-content\/uploads\/2015\/04\/B\u00fctgenbacher-Hof-016.jpg\" \/>\t\t\t\t\t\t\t\t\t\t\t\t\t\t\t<\/a>\n\t\t\t\t\t\t\t\t\t\t\t\t\t\t\t\t\t\t\t\t\t\t\t\t\t\t<\/p>\n\t\t\t\t\t\t\t\t\t\t\t\t\t\t\t\t\t\t\t\t\t\t\t\t\t<div \n\t\t\t\t\t\t\t\t\t\t\t\t\tstyle=\"width:220px;\"\t\t\t\t\t\t\t\t\t\t\t\t\tclass=\"gllr_single_image_text gllr_single_image_text_under\">&nbsp;<\/div>\n\t\t\t\t\t\t\t\t\t\t\t\t\t\t\t\t\t\t\t\t\t\t\t<\/div><!-- .gllr_image_block -->\n\t\t\t\t\t\t\t\t\t\t\t\t\t\t\t\t\t\t\t\t\t<div class=\"gllr_image_block\">\n\t\t\t\t\t\t\t\t\t\t\t\t<p style=\"\n\t\t\t\t\t\t\t\t\t\t\t\twidth:220px;height:180px;\t\t\t\t\t\t\t\t\t\t\t\t\">\n\t\t\t\t\t\t\t\t\t\t\t\t\t\t\t\t\t\t\t\t\t\t\t\t\t\t\t\t<a data-fancybox=\"gallery_fancybox_1359\" href=\"https:\/\/www.meyer-siegfried.com\/eifeler-dorfschreiner-holzbau-zimmerei-dachdecker\/wp-content\/uploads\/2015\/04\/K\u00fcche1-1.jpg\" title=\"\" >\n\t\t\t\t\t\t\t\t\t\t\t\t\t\t\t\t<img decoding=\"async\" width=&quot;200&quot; height=&quot;160&quot; style=\"width:200px; height:160px; border-width: 10px; border-color:#f1f1f1;border: 10px solid #f1f1f1\" alt=\"\" title=\"\" src=\"https:\/\/www.meyer-siegfried.com\/eifeler-dorfschreiner-holzbau-zimmerei-dachdecker\/wp-content\/uploads\/2015\/04\/K\u00fcche1-1-200x160.jpg\" rel=\"https:\/\/www.meyer-siegfried.com\/eifeler-dorfschreiner-holzbau-zimmerei-dachdecker\/wp-content\/uploads\/2015\/04\/K\u00fcche1-1.jpg\" \/>\t\t\t\t\t\t\t\t\t\t\t\t\t\t\t<\/a>\n\t\t\t\t\t\t\t\t\t\t\t\t\t\t\t\t\t\t\t\t\t\t\t\t\t\t<\/p>\n\t\t\t\t\t\t\t\t\t\t\t\t\t\t\t\t\t\t\t\t\t\t\t\t\t<div \n\t\t\t\t\t\t\t\t\t\t\t\t\tstyle=\"width:220px;\"\t\t\t\t\t\t\t\t\t\t\t\t\tclass=\"gllr_single_image_text gllr_single_image_text_under\">&nbsp;<\/div>\n\t\t\t\t\t\t\t\t\t\t\t\t\t\t\t\t\t\t\t\t\t\t\t<\/div><!-- .gllr_image_block -->\n\t\t\t\t\t\t\t\t\t\t\t\t\t\t\t\t\t\t\t\t\t<\/div><!-- .gllr_image_row -->\n\t\t\t\t\t\t\t\t\t\t\t\t\t\t\t\t\t\t\t\t\t\t<div class=\"gllr_image_row\">\n\t\t\t\t\t\t\t\t\t\t\t\t\t\t\t\t\t\t\t\t\t<div class=\"gllr_image_block\">\n\t\t\t\t\t\t\t\t\t\t\t\t<p style=\"\n\t\t\t\t\t\t\t\t\t\t\t\twidth:220px;height:180px;\t\t\t\t\t\t\t\t\t\t\t\t\">\n\t\t\t\t\t\t\t\t\t\t\t\t\t\t\t\t\t\t\t\t\t\t\t\t\t\t\t\t<a data-fancybox=\"gallery_fancybox_1359\" href=\"https:\/\/www.meyer-siegfried.com\/eifeler-dorfschreiner-holzbau-zimmerei-dachdecker\/wp-content\/uploads\/2015\/04\/Arbeiten-027-1024x681.jpg\" title=\"\" >\n\t\t\t\t\t\t\t\t\t\t\t\t\t\t\t\t<img decoding=\"async\" width=&quot;200&quot; height=&quot;160&quot; style=\"width:200px; height:160px; border-width: 10px; border-color:#f1f1f1;border: 10px solid #f1f1f1\" alt=\"\" title=\"\" src=\"https:\/\/www.meyer-siegfried.com\/eifeler-dorfschreiner-holzbau-zimmerei-dachdecker\/wp-content\/uploads\/2015\/04\/Arbeiten-027-200x160.jpg\" rel=\"https:\/\/www.meyer-siegfried.com\/eifeler-dorfschreiner-holzbau-zimmerei-dachdecker\/wp-content\/uploads\/2015\/04\/Arbeiten-027.jpg\" \/>\t\t\t\t\t\t\t\t\t\t\t\t\t\t\t<\/a>\n\t\t\t\t\t\t\t\t\t\t\t\t\t\t\t\t\t\t\t\t\t\t\t\t\t\t<\/p>\n\t\t\t\t\t\t\t\t\t\t\t\t\t\t\t\t\t\t\t\t\t\t\t\t\t<div \n\t\t\t\t\t\t\t\t\t\t\t\t\tstyle=\"width:220px;\"\t\t\t\t\t\t\t\t\t\t\t\t\tclass=\"gllr_single_image_text gllr_single_image_text_under\">&nbsp;<\/div>\n\t\t\t\t\t\t\t\t\t\t\t\t\t\t\t\t\t\t\t\t\t\t\t<\/div><!-- .gllr_image_block -->\n\t\t\t\t\t\t\t\t\t\t\t\t\t\t\t\t\t\t\t\t\t<div class=\"gllr_image_block\">\n\t\t\t\t\t\t\t\t\t\t\t\t<p style=\"\n\t\t\t\t\t\t\t\t\t\t\t\twidth:220px;height:180px;\t\t\t\t\t\t\t\t\t\t\t\t\">\n\t\t\t\t\t\t\t\t\t\t\t\t\t\t\t\t\t\t\t\t\t\t\t\t\t\t\t\t<a data-fancybox=\"gallery_fancybox_1359\" href=\"https:\/\/www.meyer-siegfried.com\/eifeler-dorfschreiner-holzbau-zimmerei-dachdecker\/wp-content\/uploads\/2015\/06\/1-DSC09025-1024x680.jpg\" title=\"\" >\n\t\t\t\t\t\t\t\t\t\t\t\t\t\t\t\t<img decoding=\"async\" width=&quot;200&quot; height=&quot;160&quot; style=\"width:200px; height:160px; border-width: 10px; border-color:#f1f1f1;border: 10px solid #f1f1f1\" alt=\"\" title=\"\" src=\"https:\/\/www.meyer-siegfried.com\/eifeler-dorfschreiner-holzbau-zimmerei-dachdecker\/wp-content\/uploads\/2015\/06\/1-DSC09025-200x160.jpg\" rel=\"https:\/\/www.meyer-siegfried.com\/eifeler-dorfschreiner-holzbau-zimmerei-dachdecker\/wp-content\/uploads\/2015\/06\/1-DSC09025.jpg\" \/>\t\t\t\t\t\t\t\t\t\t\t\t\t\t\t<\/a>\n\t\t\t\t\t\t\t\t\t\t\t\t\t\t\t\t\t\t\t\t\t\t\t\t\t\t<\/p>\n\t\t\t\t\t\t\t\t\t\t\t\t\t\t\t\t\t\t\t\t\t\t\t\t\t<div \n\t\t\t\t\t\t\t\t\t\t\t\t\tstyle=\"width:220px;\"\t\t\t\t\t\t\t\t\t\t\t\t\tclass=\"gllr_single_image_text gllr_single_image_text_under\">&nbsp;<\/div>\n\t\t\t\t\t\t\t\t\t\t\t\t\t\t\t\t\t\t\t\t\t\t\t<\/div><!-- .gllr_image_block -->\n\t\t\t\t\t\t\t\t\t\t\t\t\t\t\t\t\t\t\t\t\t<div class=\"gllr_image_block\">\n\t\t\t\t\t\t\t\t\t\t\t\t<p style=\"\n\t\t\t\t\t\t\t\t\t\t\t\twidth:220px;height:180px;\t\t\t\t\t\t\t\t\t\t\t\t\">\n\t\t\t\t\t\t\t\t\t\t\t\t\t\t\t\t\t\t\t\t\t\t\t\t\t\t\t\t<a data-fancybox=\"gallery_fancybox_1359\" href=\"https:\/\/www.meyer-siegfried.com\/eifeler-dorfschreiner-holzbau-zimmerei-dachdecker\/wp-content\/uploads\/2015\/06\/1-DSC09096-680x1024.jpg\" title=\"\" >\n\t\t\t\t\t\t\t\t\t\t\t\t\t\t\t\t<img decoding=\"async\" width=&quot;200&quot; height=&quot;160&quot; style=\"width:200px; height:160px; border-width: 10px; border-color:#f1f1f1;border: 10px solid #f1f1f1\" alt=\"\" title=\"\" src=\"https:\/\/www.meyer-siegfried.com\/eifeler-dorfschreiner-holzbau-zimmerei-dachdecker\/wp-content\/uploads\/2015\/06\/1-DSC09096-200x160.jpg\" rel=\"https:\/\/www.meyer-siegfried.com\/eifeler-dorfschreiner-holzbau-zimmerei-dachdecker\/wp-content\/uploads\/2015\/06\/1-DSC09096.jpg\" \/>\t\t\t\t\t\t\t\t\t\t\t\t\t\t\t<\/a>\n\t\t\t\t\t\t\t\t\t\t\t\t\t\t\t\t\t\t\t\t\t\t\t\t\t\t<\/p>\n\t\t\t\t\t\t\t\t\t\t\t\t\t\t\t\t\t\t\t\t\t\t\t\t\t<div \n\t\t\t\t\t\t\t\t\t\t\t\t\tstyle=\"width:220px;\"\t\t\t\t\t\t\t\t\t\t\t\t\tclass=\"gllr_single_image_text gllr_single_image_text_under\">&nbsp;<\/div>\n\t\t\t\t\t\t\t\t\t\t\t\t\t\t\t\t\t\t\t\t\t\t\t<\/div><!-- .gllr_image_block -->\n\t\t\t\t\t\t\t\t\t\t\t\t\t\t\t\t\t\t\t\t\t<div class=\"gllr_image_block\">\n\t\t\t\t\t\t\t\t\t\t\t\t<p style=\"\n\t\t\t\t\t\t\t\t\t\t\t\twidth:220px;height:180px;\t\t\t\t\t\t\t\t\t\t\t\t\">\n\t\t\t\t\t\t\t\t\t\t\t\t\t\t\t\t\t\t\t\t\t\t\t\t\t\t\t\t<a data-fancybox=\"gallery_fancybox_1359\" href=\"https:\/\/www.meyer-siegfried.com\/eifeler-dorfschreiner-holzbau-zimmerei-dachdecker\/wp-content\/uploads\/2015\/06\/DSC00686-1024x683.jpg\" title=\"\" >\n\t\t\t\t\t\t\t\t\t\t\t\t\t\t\t\t<img decoding=\"async\" width=&quot;200&quot; height=&quot;160&quot; style=\"width:200px; height:160px; border-width: 10px; border-color:#f1f1f1;border: 10px solid #f1f1f1\" alt=\"\" title=\"\" src=\"https:\/\/www.meyer-siegfried.com\/eifeler-dorfschreiner-holzbau-zimmerei-dachdecker\/wp-content\/uploads\/2015\/06\/DSC00686-200x160.jpg\" rel=\"https:\/\/www.meyer-siegfried.com\/eifeler-dorfschreiner-holzbau-zimmerei-dachdecker\/wp-content\/uploads\/2015\/06\/DSC00686.JPG\" \/>\t\t\t\t\t\t\t\t\t\t\t\t\t\t\t<\/a>\n\t\t\t\t\t\t\t\t\t\t\t\t\t\t\t\t\t\t\t\t\t\t\t\t\t\t<\/p>\n\t\t\t\t\t\t\t\t\t\t\t\t\t\t\t\t\t\t\t\t\t\t\t\t\t<div \n\t\t\t\t\t\t\t\t\t\t\t\t\tstyle=\"width:220px;\"\t\t\t\t\t\t\t\t\t\t\t\t\tclass=\"gllr_single_image_text gllr_single_image_text_under\">&nbsp;<\/div>\n\t\t\t\t\t\t\t\t\t\t\t\t\t\t\t\t\t\t\t\t\t\t\t<\/div><!-- .gllr_image_block -->\n\t\t\t\t\t\t\t\t\t\t\t\t\t\t\t\t\t\t\t\t\t<\/div><!-- .gllr_image_row -->\n\t\t\t\t\t\t\t\t\t\t\t\t\t\t\t\t\t\t\t\t\t\t<div class=\"gllr_image_row\">\n\t\t\t\t\t\t\t\t\t\t\t\t\t\t\t\t\t\t\t\t\t<div class=\"gllr_image_block\">\n\t\t\t\t\t\t\t\t\t\t\t\t<p style=\"\n\t\t\t\t\t\t\t\t\t\t\t\twidth:220px;height:180px;\t\t\t\t\t\t\t\t\t\t\t\t\">\n\t\t\t\t\t\t\t\t\t\t\t\t\t\t\t\t\t\t\t\t\t\t\t\t\t\t\t\t<a data-fancybox=\"gallery_fancybox_1359\" href=\"https:\/\/www.meyer-siegfried.com\/eifeler-dorfschreiner-holzbau-zimmerei-dachdecker\/wp-content\/uploads\/2015\/06\/1-DSC090635581928b308e2-1024x680.jpg\" title=\"\" >\n\t\t\t\t\t\t\t\t\t\t\t\t\t\t\t\t<img decoding=\"async\" width=&quot;200&quot; height=&quot;160&quot; style=\"width:200px; height:160px; border-width: 10px; border-color:#f1f1f1;border: 10px solid #f1f1f1\" alt=\"\" title=\"\" src=\"https:\/\/www.meyer-siegfried.com\/eifeler-dorfschreiner-holzbau-zimmerei-dachdecker\/wp-content\/uploads\/2015\/06\/1-DSC090635581928b308e2-200x160.jpg\" rel=\"https:\/\/www.meyer-siegfried.com\/eifeler-dorfschreiner-holzbau-zimmerei-dachdecker\/wp-content\/uploads\/2015\/06\/1-DSC090635581928b308e2.jpg\" \/>\t\t\t\t\t\t\t\t\t\t\t\t\t\t\t<\/a>\n\t\t\t\t\t\t\t\t\t\t\t\t\t\t\t\t\t\t\t\t\t\t\t\t\t\t<\/p>\n\t\t\t\t\t\t\t\t\t\t\t\t\t\t\t\t\t\t\t\t\t\t\t\t\t<div \n\t\t\t\t\t\t\t\t\t\t\t\t\tstyle=\"width:220px;\"\t\t\t\t\t\t\t\t\t\t\t\t\tclass=\"gllr_single_image_text gllr_single_image_text_under\">&nbsp;<\/div>\n\t\t\t\t\t\t\t\t\t\t\t\t\t\t\t\t\t\t\t\t\t\t\t<\/div><!-- .gllr_image_block -->\n\t\t\t\t\t\t\t\t\t\t\t\t\t\t\t\t\t\t\t\t\t<div class=\"gllr_image_block\">\n\t\t\t\t\t\t\t\t\t\t\t\t<p style=\"\n\t\t\t\t\t\t\t\t\t\t\t\twidth:220px;height:180px;\t\t\t\t\t\t\t\t\t\t\t\t\">\n\t\t\t\t\t\t\t\t\t\t\t\t\t\t\t\t\t\t\t\t\t\t\t\t\t\t\t\t<a data-fancybox=\"gallery_fancybox_1359\" href=\"https:\/\/www.meyer-siegfried.com\/eifeler-dorfschreiner-holzbau-zimmerei-dachdecker\/wp-content\/uploads\/2015\/06\/1-DSC0906855819283bb584-1024x680.jpg\" title=\"\" >\n\t\t\t\t\t\t\t\t\t\t\t\t\t\t\t\t<img decoding=\"async\" width=&quot;200&quot; height=&quot;160&quot; style=\"width:200px; height:160px; border-width: 10px; border-color:#f1f1f1;border: 10px solid #f1f1f1\" alt=\"\" title=\"\" src=\"https:\/\/www.meyer-siegfried.com\/eifeler-dorfschreiner-holzbau-zimmerei-dachdecker\/wp-content\/uploads\/2015\/06\/1-DSC0906855819283bb584-200x160.jpg\" rel=\"https:\/\/www.meyer-siegfried.com\/eifeler-dorfschreiner-holzbau-zimmerei-dachdecker\/wp-content\/uploads\/2015\/06\/1-DSC0906855819283bb584.jpg\" \/>\t\t\t\t\t\t\t\t\t\t\t\t\t\t\t<\/a>\n\t\t\t\t\t\t\t\t\t\t\t\t\t\t\t\t\t\t\t\t\t\t\t\t\t\t<\/p>\n\t\t\t\t\t\t\t\t\t\t\t\t\t\t\t\t\t\t\t\t\t\t\t\t\t<div \n\t\t\t\t\t\t\t\t\t\t\t\t\tstyle=\"width:220px;\"\t\t\t\t\t\t\t\t\t\t\t\t\tclass=\"gllr_single_image_text gllr_single_image_text_under\">&nbsp;<\/div>\n\t\t\t\t\t\t\t\t\t\t\t\t\t\t\t\t\t\t\t\t\t\t\t<\/div><!-- .gllr_image_block -->\n\t\t\t\t\t\t\t\t\t\t\t\t\t\t\t\t\t\t\t\t\t<div class=\"gllr_image_block\">\n\t\t\t\t\t\t\t\t\t\t\t\t<p style=\"\n\t\t\t\t\t\t\t\t\t\t\t\twidth:220px;height:180px;\t\t\t\t\t\t\t\t\t\t\t\t\">\n\t\t\t\t\t\t\t\t\t\t\t\t\t\t\t\t\t\t\t\t\t\t\t\t\t\t\t\t<a data-fancybox=\"gallery_fancybox_1359\" href=\"https:\/\/www.meyer-siegfried.com\/eifeler-dorfschreiner-holzbau-zimmerei-dachdecker\/wp-content\/uploads\/2015\/04\/Spanier-Anita-5-1024x681.jpg\" title=\"\" >\n\t\t\t\t\t\t\t\t\t\t\t\t\t\t\t\t<img decoding=\"async\" width=&quot;200&quot; height=&quot;160&quot; style=\"width:200px; height:160px; border-width: 10px; border-color:#f1f1f1;border: 10px solid #f1f1f1\" alt=\"\" title=\"\" src=\"https:\/\/www.meyer-siegfried.com\/eifeler-dorfschreiner-holzbau-zimmerei-dachdecker\/wp-content\/uploads\/2015\/04\/Spanier-Anita-5.jpg\" rel=\"https:\/\/www.meyer-siegfried.com\/eifeler-dorfschreiner-holzbau-zimmerei-dachdecker\/wp-content\/uploads\/2015\/04\/Spanier-Anita-5.jpg\" \/>\t\t\t\t\t\t\t\t\t\t\t\t\t\t\t<\/a>\n\t\t\t\t\t\t\t\t\t\t\t\t\t\t\t\t\t\t\t\t\t\t\t\t\t\t<\/p>\n\t\t\t\t\t\t\t\t\t\t\t\t\t\t\t\t\t\t\t\t\t\t\t\t\t<div \n\t\t\t\t\t\t\t\t\t\t\t\t\tstyle=\"width:220px;\"\t\t\t\t\t\t\t\t\t\t\t\t\tclass=\"gllr_single_image_text gllr_single_image_text_under\">&nbsp;<\/div>\n\t\t\t\t\t\t\t\t\t\t\t\t\t\t\t\t\t\t\t\t\t\t\t<\/div><!-- .gllr_image_block -->\n\t\t\t\t\t\t\t\t\t\t\t\t\t\t\t\t\t\t\t\t\t<div class=\"gllr_image_block\">\n\t\t\t\t\t\t\t\t\t\t\t\t<p style=\"\n\t\t\t\t\t\t\t\t\t\t\t\twidth:220px;height:180px;\t\t\t\t\t\t\t\t\t\t\t\t\">\n\t\t\t\t\t\t\t\t\t\t\t\t\t\t\t\t\t\t\t\t\t\t\t\t\t\t\t\t<a data-fancybox=\"gallery_fancybox_1359\" href=\"https:\/\/www.meyer-siegfried.com\/eifeler-dorfschreiner-holzbau-zimmerei-dachdecker\/wp-content\/uploads\/2015\/04\/DSC00482-1024x681.jpg\" title=\"\" >\n\t\t\t\t\t\t\t\t\t\t\t\t\t\t\t\t<img decoding=\"async\" width=&quot;200&quot; height=&quot;160&quot; style=\"width:200px; height:160px; border-width: 10px; border-color:#f1f1f1;border: 10px solid #f1f1f1\" alt=\"\" title=\"\" src=\"https:\/\/www.meyer-siegfried.com\/eifeler-dorfschreiner-holzbau-zimmerei-dachdecker\/wp-content\/uploads\/2015\/04\/DSC00482-200x160.jpg\" rel=\"https:\/\/www.meyer-siegfried.com\/eifeler-dorfschreiner-holzbau-zimmerei-dachdecker\/wp-content\/uploads\/2015\/04\/DSC00482.jpg\" \/>\t\t\t\t\t\t\t\t\t\t\t\t\t\t\t<\/a>\n\t\t\t\t\t\t\t\t\t\t\t\t\t\t\t\t\t\t\t\t\t\t\t\t\t\t<\/p>\n\t\t\t\t\t\t\t\t\t\t\t\t\t\t\t\t\t\t\t\t\t\t\t\t\t<div \n\t\t\t\t\t\t\t\t\t\t\t\t\tstyle=\"width:220px;\"\t\t\t\t\t\t\t\t\t\t\t\t\tclass=\"gllr_single_image_text gllr_single_image_text_under\">&nbsp;<\/div>\n\t\t\t\t\t\t\t\t\t\t\t\t\t\t\t\t\t\t\t\t\t\t\t<\/div><!-- .gllr_image_block -->\n\t\t\t\t\t\t\t\t\t\t\t\t\t\t\t\t\t\t\t\t\t<\/div><!-- .gllr_image_row -->\n\t\t\t\t\t\t\t\t\t\t\t\t\t\t\t\t\t\t\t\t\t\t<div class=\"gllr_image_row\">\n\t\t\t\t\t\t\t\t\t\t\t\t\t\t\t\t\t\t\t\t\t<div class=\"gllr_image_block\">\n\t\t\t\t\t\t\t\t\t\t\t\t<p style=\"\n\t\t\t\t\t\t\t\t\t\t\t\twidth:220px;height:180px;\t\t\t\t\t\t\t\t\t\t\t\t\">\n\t\t\t\t\t\t\t\t\t\t\t\t\t\t\t\t\t\t\t\t\t\t\t\t\t\t\t\t<a data-fancybox=\"gallery_fancybox_1359\" href=\"https:\/\/www.meyer-siegfried.com\/eifeler-dorfschreiner-holzbau-zimmerei-dachdecker\/wp-content\/uploads\/2015\/04\/DSC00699-1024x683.jpg\" title=\"\" >\n\t\t\t\t\t\t\t\t\t\t\t\t\t\t\t\t<img decoding=\"async\" width=&quot;200&quot; height=&quot;160&quot; style=\"width:200px; height:160px; border-width: 10px; border-color:#f1f1f1;border: 10px solid #f1f1f1\" alt=\"\" title=\"\" src=\"https:\/\/www.meyer-siegfried.com\/eifeler-dorfschreiner-holzbau-zimmerei-dachdecker\/wp-content\/uploads\/2015\/04\/DSC00699-200x160.jpg\" rel=\"https:\/\/www.meyer-siegfried.com\/eifeler-dorfschreiner-holzbau-zimmerei-dachdecker\/wp-content\/uploads\/2015\/04\/DSC00699.JPG\" \/>\t\t\t\t\t\t\t\t\t\t\t\t\t\t\t<\/a>\n\t\t\t\t\t\t\t\t\t\t\t\t\t\t\t\t\t\t\t\t\t\t\t\t\t\t<\/p>\n\t\t\t\t\t\t\t\t\t\t\t\t\t\t\t\t\t\t\t\t\t\t\t\t\t<div \n\t\t\t\t\t\t\t\t\t\t\t\t\tstyle=\"width:220px;\"\t\t\t\t\t\t\t\t\t\t\t\t\tclass=\"gllr_single_image_text gllr_single_image_text_under\">&nbsp;<\/div>\n\t\t\t\t\t\t\t\t\t\t\t\t\t\t\t\t\t\t\t\t\t\t\t<\/div><!-- .gllr_image_block -->\n\t\t\t\t\t\t\t\t\t\t\t\t\t\t\t\t\t\t\t\t\t<div class=\"gllr_image_block\">\n\t\t\t\t\t\t\t\t\t\t\t\t<p style=\"\n\t\t\t\t\t\t\t\t\t\t\t\twidth:220px;height:180px;\t\t\t\t\t\t\t\t\t\t\t\t\">\n\t\t\t\t\t\t\t\t\t\t\t\t\t\t\t\t\t\t\t\t\t\t\t\t\t\t\t\t<a data-fancybox=\"gallery_fancybox_1359\" href=\"https:\/\/www.meyer-siegfried.com\/eifeler-dorfschreiner-holzbau-zimmerei-dachdecker\/wp-content\/uploads\/2015\/04\/Adler-012-681x1024.jpg\" title=\"\" >\n\t\t\t\t\t\t\t\t\t\t\t\t\t\t\t\t<img decoding=\"async\" width=&quot;200&quot; height=&quot;160&quot; style=\"width:200px; height:160px; border-width: 10px; border-color:#f1f1f1;border: 10px solid #f1f1f1\" alt=\"\" title=\"\" src=\"https:\/\/www.meyer-siegfried.com\/eifeler-dorfschreiner-holzbau-zimmerei-dachdecker\/wp-content\/uploads\/2015\/04\/Adler-012-200x160.jpg\" rel=\"https:\/\/www.meyer-siegfried.com\/eifeler-dorfschreiner-holzbau-zimmerei-dachdecker\/wp-content\/uploads\/2015\/04\/Adler-012.JPG\" \/>\t\t\t\t\t\t\t\t\t\t\t\t\t\t\t<\/a>\n\t\t\t\t\t\t\t\t\t\t\t\t\t\t\t\t\t\t\t\t\t\t\t\t\t\t<\/p>\n\t\t\t\t\t\t\t\t\t\t\t\t\t\t\t\t\t\t\t\t\t\t\t\t\t<div \n\t\t\t\t\t\t\t\t\t\t\t\t\tstyle=\"width:220px;\"\t\t\t\t\t\t\t\t\t\t\t\t\tclass=\"gllr_single_image_text gllr_single_image_text_under\">&nbsp;<\/div>\n\t\t\t\t\t\t\t\t\t\t\t\t\t\t\t\t\t\t\t\t\t\t\t<\/div><!-- .gllr_image_block -->\n\t\t\t\t\t\t\t\t\t\t\t\t\t\t\t\t\t\t\t\t\t<div class=\"gllr_image_block\">\n\t\t\t\t\t\t\t\t\t\t\t\t<p style=\"\n\t\t\t\t\t\t\t\t\t\t\t\twidth:220px;height:180px;\t\t\t\t\t\t\t\t\t\t\t\t\">\n\t\t\t\t\t\t\t\t\t\t\t\t\t\t\t\t\t\t\t\t\t\t\t\t\t\t\t\t<a data-fancybox=\"gallery_fancybox_1359\" href=\"https:\/\/www.meyer-siegfried.com\/eifeler-dorfschreiner-holzbau-zimmerei-dachdecker\/wp-content\/uploads\/2015\/04\/DSC06201-683x1024.jpg\" title=\"\" >\n\t\t\t\t\t\t\t\t\t\t\t\t\t\t\t\t<img decoding=\"async\" width=&quot;200&quot; height=&quot;160&quot; style=\"width:200px; height:160px; border-width: 10px; border-color:#f1f1f1;border: 10px solid #f1f1f1\" alt=\"\" title=\"\" src=\"https:\/\/www.meyer-siegfried.com\/eifeler-dorfschreiner-holzbau-zimmerei-dachdecker\/wp-content\/uploads\/2015\/04\/DSC06201-200x160.jpg\" rel=\"https:\/\/www.meyer-siegfried.com\/eifeler-dorfschreiner-holzbau-zimmerei-dachdecker\/wp-content\/uploads\/2015\/04\/DSC06201.JPG\" \/>\t\t\t\t\t\t\t\t\t\t\t\t\t\t\t<\/a>\n\t\t\t\t\t\t\t\t\t\t\t\t\t\t\t\t\t\t\t\t\t\t\t\t\t\t<\/p>\n\t\t\t\t\t\t\t\t\t\t\t\t\t\t\t\t\t\t\t\t\t\t\t\t\t<div \n\t\t\t\t\t\t\t\t\t\t\t\t\tstyle=\"width:220px;\"\t\t\t\t\t\t\t\t\t\t\t\t\tclass=\"gllr_single_image_text gllr_single_image_text_under\">&nbsp;<\/div>\n\t\t\t\t\t\t\t\t\t\t\t\t\t\t\t\t\t\t\t\t\t\t\t<\/div><!-- .gllr_image_block -->\n\t\t\t\t\t\t\t\t\t\t\t\t\t\t\t\t\t\t\t\t\t<div class=\"gllr_image_block\">\n\t\t\t\t\t\t\t\t\t\t\t\t<p style=\"\n\t\t\t\t\t\t\t\t\t\t\t\twidth:220px;height:180px;\t\t\t\t\t\t\t\t\t\t\t\t\">\n\t\t\t\t\t\t\t\t\t\t\t\t\t\t\t\t\t\t\t\t\t\t\t\t\t\t\t\t<a data-fancybox=\"gallery_fancybox_1359\" href=\"https:\/\/www.meyer-siegfried.com\/eifeler-dorfschreiner-holzbau-zimmerei-dachdecker\/wp-content\/uploads\/2015\/04\/DSC06202-683x1024.jpg\" title=\"\" >\n\t\t\t\t\t\t\t\t\t\t\t\t\t\t\t\t<img decoding=\"async\" width=&quot;200&quot; height=&quot;160&quot; style=\"width:200px; height:160px; border-width: 10px; border-color:#f1f1f1;border: 10px solid #f1f1f1\" alt=\"\" title=\"\" src=\"https:\/\/www.meyer-siegfried.com\/eifeler-dorfschreiner-holzbau-zimmerei-dachdecker\/wp-content\/uploads\/2015\/04\/DSC06202-200x160.jpg\" rel=\"https:\/\/www.meyer-siegfried.com\/eifeler-dorfschreiner-holzbau-zimmerei-dachdecker\/wp-content\/uploads\/2015\/04\/DSC06202.JPG\" \/>\t\t\t\t\t\t\t\t\t\t\t\t\t\t\t<\/a>\n\t\t\t\t\t\t\t\t\t\t\t\t\t\t\t\t\t\t\t\t\t\t\t\t\t\t<\/p>\n\t\t\t\t\t\t\t\t\t\t\t\t\t\t\t\t\t\t\t\t\t\t\t\t\t<div \n\t\t\t\t\t\t\t\t\t\t\t\t\tstyle=\"width:220px;\"\t\t\t\t\t\t\t\t\t\t\t\t\tclass=\"gllr_single_image_text gllr_single_image_text_under\">&nbsp;<\/div>\n\t\t\t\t\t\t\t\t\t\t\t\t\t\t\t\t\t\t\t\t\t\t\t<\/div><!-- .gllr_image_block -->\n\t\t\t\t\t\t\t\t\t\t\t\t\t\t\t\t\t\t\t\t\t<\/div><!-- .gllr_image_row -->\n\t\t\t\t\t\t\t\t\t\t\t\t\t\t\t\t\t\t\t\t\t\t<div class=\"gllr_image_row\">\n\t\t\t\t\t\t\t\t\t\t\t\t\t\t\t\t\t\t\t\t\t<div class=\"gllr_image_block\">\n\t\t\t\t\t\t\t\t\t\t\t\t<p style=\"\n\t\t\t\t\t\t\t\t\t\t\t\twidth:220px;height:180px;\t\t\t\t\t\t\t\t\t\t\t\t\">\n\t\t\t\t\t\t\t\t\t\t\t\t\t\t\t\t\t\t\t\t\t\t\t\t\t\t\t\t<a data-fancybox=\"gallery_fancybox_1359\" href=\"https:\/\/www.meyer-siegfried.com\/eifeler-dorfschreiner-holzbau-zimmerei-dachdecker\/wp-content\/uploads\/2015\/06\/1-DSC08860558028cb0d017-1024x680.jpg\" title=\"\" >\n\t\t\t\t\t\t\t\t\t\t\t\t\t\t\t\t<img decoding=\"async\" width=&quot;200&quot; height=&quot;160&quot; style=\"width:200px; height:160px; border-width: 10px; border-color:#f1f1f1;border: 10px solid #f1f1f1\" alt=\"\" title=\"\" src=\"https:\/\/www.meyer-siegfried.com\/eifeler-dorfschreiner-holzbau-zimmerei-dachdecker\/wp-content\/uploads\/2015\/06\/1-DSC08860558028cb0d017-200x160.jpg\" rel=\"https:\/\/www.meyer-siegfried.com\/eifeler-dorfschreiner-holzbau-zimmerei-dachdecker\/wp-content\/uploads\/2015\/06\/1-DSC08860558028cb0d017.jpg\" \/>\t\t\t\t\t\t\t\t\t\t\t\t\t\t\t<\/a>\n\t\t\t\t\t\t\t\t\t\t\t\t\t\t\t\t\t\t\t\t\t\t\t\t\t\t<\/p>\n\t\t\t\t\t\t\t\t\t\t\t\t\t\t\t\t\t\t\t\t\t\t\t\t\t<div \n\t\t\t\t\t\t\t\t\t\t\t\t\tstyle=\"width:220px;\"\t\t\t\t\t\t\t\t\t\t\t\t\tclass=\"gllr_single_image_text gllr_single_image_text_under\">&nbsp;<\/div>\n\t\t\t\t\t\t\t\t\t\t\t\t\t\t\t\t\t\t\t\t\t\t\t<\/div><!-- .gllr_image_block -->\n\t\t\t\t\t\t\t\t\t\t\t\t\t\t\t\t\t\t\t\t\t<div class=\"gllr_image_block\">\n\t\t\t\t\t\t\t\t\t\t\t\t<p style=\"\n\t\t\t\t\t\t\t\t\t\t\t\twidth:220px;height:180px;\t\t\t\t\t\t\t\t\t\t\t\t\">\n\t\t\t\t\t\t\t\t\t\t\t\t\t\t\t\t\t\t\t\t\t\t\t\t\t\t\t\t<a data-fancybox=\"gallery_fancybox_1359\" href=\"https:\/\/www.meyer-siegfried.com\/eifeler-dorfschreiner-holzbau-zimmerei-dachdecker\/wp-content\/uploads\/2015\/06\/1-DSC08859558028dca202d-1024x680.jpg\" title=\"\" >\n\t\t\t\t\t\t\t\t\t\t\t\t\t\t\t\t<img decoding=\"async\" width=&quot;200&quot; height=&quot;160&quot; style=\"width:200px; height:160px; border-width: 10px; border-color:#f1f1f1;border: 10px solid #f1f1f1\" alt=\"\" title=\"\" src=\"https:\/\/www.meyer-siegfried.com\/eifeler-dorfschreiner-holzbau-zimmerei-dachdecker\/wp-content\/uploads\/2015\/06\/1-DSC08859558028dca202d-200x160.jpg\" rel=\"https:\/\/www.meyer-siegfried.com\/eifeler-dorfschreiner-holzbau-zimmerei-dachdecker\/wp-content\/uploads\/2015\/06\/1-DSC08859558028dca202d.jpg\" \/>\t\t\t\t\t\t\t\t\t\t\t\t\t\t\t<\/a>\n\t\t\t\t\t\t\t\t\t\t\t\t\t\t\t\t\t\t\t\t\t\t\t\t\t\t<\/p>\n\t\t\t\t\t\t\t\t\t\t\t\t\t\t\t\t\t\t\t\t\t\t\t\t\t<div \n\t\t\t\t\t\t\t\t\t\t\t\t\tstyle=\"width:220px;\"\t\t\t\t\t\t\t\t\t\t\t\t\tclass=\"gllr_single_image_text gllr_single_image_text_under\">&nbsp;<\/div>\n\t\t\t\t\t\t\t\t\t\t\t\t\t\t\t\t\t\t\t\t\t\t\t<\/div><!-- .gllr_image_block -->\n\t\t\t\t\t\t\t\t\t\t\t\t\t\t\t\t\t\t\t\t\t<div class=\"gllr_image_block\">\n\t\t\t\t\t\t\t\t\t\t\t\t<p style=\"\n\t\t\t\t\t\t\t\t\t\t\t\twidth:220px;height:180px;\t\t\t\t\t\t\t\t\t\t\t\t\">\n\t\t\t\t\t\t\t\t\t\t\t\t\t\t\t\t\t\t\t\t\t\t\t\t\t\t\t\t<a data-fancybox=\"gallery_fancybox_1359\" href=\"https:\/\/www.meyer-siegfried.com\/eifeler-dorfschreiner-holzbau-zimmerei-dachdecker\/wp-content\/uploads\/2015\/06\/1-DSC08986558028e37219a-1024x680.jpg\" title=\"\" >\n\t\t\t\t\t\t\t\t\t\t\t\t\t\t\t\t<img decoding=\"async\" width=&quot;200&quot; height=&quot;160&quot; style=\"width:200px; height:160px; border-width: 10px; border-color:#f1f1f1;border: 10px solid #f1f1f1\" alt=\"\" title=\"\" src=\"https:\/\/www.meyer-siegfried.com\/eifeler-dorfschreiner-holzbau-zimmerei-dachdecker\/wp-content\/uploads\/2015\/06\/1-DSC08986558028e37219a-200x160.jpg\" rel=\"https:\/\/www.meyer-siegfried.com\/eifeler-dorfschreiner-holzbau-zimmerei-dachdecker\/wp-content\/uploads\/2015\/06\/1-DSC08986558028e37219a.jpg\" \/>\t\t\t\t\t\t\t\t\t\t\t\t\t\t\t<\/a>\n\t\t\t\t\t\t\t\t\t\t\t\t\t\t\t\t\t\t\t\t\t\t\t\t\t\t<\/p>\n\t\t\t\t\t\t\t\t\t\t\t\t\t\t\t\t\t\t\t\t\t\t\t\t\t<div \n\t\t\t\t\t\t\t\t\t\t\t\t\tstyle=\"width:220px;\"\t\t\t\t\t\t\t\t\t\t\t\t\tclass=\"gllr_single_image_text gllr_single_image_text_under\">&nbsp;<\/div>\n\t\t\t\t\t\t\t\t\t\t\t\t\t\t\t\t\t\t\t\t\t\t\t<\/div><!-- .gllr_image_block -->\n\t\t\t\t\t\t\t\t\t\t\t\t\t\t\t\t\t\t\t\t\t<div class=\"gllr_image_block\">\n\t\t\t\t\t\t\t\t\t\t\t\t<p style=\"\n\t\t\t\t\t\t\t\t\t\t\t\twidth:220px;height:180px;\t\t\t\t\t\t\t\t\t\t\t\t\">\n\t\t\t\t\t\t\t\t\t\t\t\t\t\t\t\t\t\t\t\t\t\t\t\t\t\t\t\t<a data-fancybox=\"gallery_fancybox_1359\" href=\"https:\/\/www.meyer-siegfried.com\/eifeler-dorfschreiner-holzbau-zimmerei-dachdecker\/wp-content\/uploads\/2015\/06\/1-DSC08964558028e9bb453-1024x680.jpg\" title=\"\" >\n\t\t\t\t\t\t\t\t\t\t\t\t\t\t\t\t<img decoding=\"async\" width=&quot;200&quot; height=&quot;160&quot; style=\"width:200px; height:160px; border-width: 10px; border-color:#f1f1f1;border: 10px solid #f1f1f1\" alt=\"\" title=\"\" src=\"https:\/\/www.meyer-siegfried.com\/eifeler-dorfschreiner-holzbau-zimmerei-dachdecker\/wp-content\/uploads\/2015\/06\/1-DSC08964558028e9bb453-200x160.jpg\" rel=\"https:\/\/www.meyer-siegfried.com\/eifeler-dorfschreiner-holzbau-zimmerei-dachdecker\/wp-content\/uploads\/2015\/06\/1-DSC08964558028e9bb453.jpg\" \/>\t\t\t\t\t\t\t\t\t\t\t\t\t\t\t<\/a>\n\t\t\t\t\t\t\t\t\t\t\t\t\t\t\t\t\t\t\t\t\t\t\t\t\t\t<\/p>\n\t\t\t\t\t\t\t\t\t\t\t\t\t\t\t\t\t\t\t\t\t\t\t\t\t<div \n\t\t\t\t\t\t\t\t\t\t\t\t\tstyle=\"width:220px;\"\t\t\t\t\t\t\t\t\t\t\t\t\tclass=\"gllr_single_image_text gllr_single_image_text_under\">&nbsp;<\/div>\n\t\t\t\t\t\t\t\t\t\t\t\t\t\t\t\t\t\t\t\t\t\t\t<\/div><!-- .gllr_image_block -->\n\t\t\t\t\t\t\t\t\t\t\t\t\t\t\t\t\t\t\t\t\t<\/div><!-- .gllr_image_row -->\n\t\t\t\t\t\t\t\t\t\t\t\t\t\t\t\t\t\t\t\t\t\t<div class=\"gllr_image_row\">\n\t\t\t\t\t\t\t\t\t\t\t\t\t\t\t\t\t\t\t\t\t<div class=\"gllr_image_block\">\n\t\t\t\t\t\t\t\t\t\t\t\t<p style=\"\n\t\t\t\t\t\t\t\t\t\t\t\twidth:220px;height:180px;\t\t\t\t\t\t\t\t\t\t\t\t\">\n\t\t\t\t\t\t\t\t\t\t\t\t\t\t\t\t\t\t\t\t\t\t\t\t\t\t\t\t<a data-fancybox=\"gallery_fancybox_1359\" href=\"https:\/\/www.meyer-siegfried.com\/eifeler-dorfschreiner-holzbau-zimmerei-dachdecker\/wp-content\/uploads\/2015\/06\/1-DSC08967558028f075e86-1024x680.jpg\" title=\"\" >\n\t\t\t\t\t\t\t\t\t\t\t\t\t\t\t\t<img decoding=\"async\" width=&quot;200&quot; height=&quot;160&quot; style=\"width:200px; height:160px; border-width: 10px; border-color:#f1f1f1;border: 10px solid #f1f1f1\" alt=\"\" title=\"\" src=\"https:\/\/www.meyer-siegfried.com\/eifeler-dorfschreiner-holzbau-zimmerei-dachdecker\/wp-content\/uploads\/2015\/06\/1-DSC08967558028f075e86-200x160.jpg\" rel=\"https:\/\/www.meyer-siegfried.com\/eifeler-dorfschreiner-holzbau-zimmerei-dachdecker\/wp-content\/uploads\/2015\/06\/1-DSC08967558028f075e86.jpg\" \/>\t\t\t\t\t\t\t\t\t\t\t\t\t\t\t<\/a>\n\t\t\t\t\t\t\t\t\t\t\t\t\t\t\t\t\t\t\t\t\t\t\t\t\t\t<\/p>\n\t\t\t\t\t\t\t\t\t\t\t\t\t\t\t\t\t\t\t\t\t\t\t\t\t<div \n\t\t\t\t\t\t\t\t\t\t\t\t\tstyle=\"width:220px;\"\t\t\t\t\t\t\t\t\t\t\t\t\tclass=\"gllr_single_image_text gllr_single_image_text_under\">&nbsp;<\/div>\n\t\t\t\t\t\t\t\t\t\t\t\t\t\t\t\t\t\t\t\t\t\t\t<\/div><!-- .gllr_image_block -->\n\t\t\t\t\t\t\t\t\t\t\t\t\t\t\t\t\t\t\t\t\t<div class=\"gllr_image_block\">\n\t\t\t\t\t\t\t\t\t\t\t\t<p style=\"\n\t\t\t\t\t\t\t\t\t\t\t\twidth:220px;height:180px;\t\t\t\t\t\t\t\t\t\t\t\t\">\n\t\t\t\t\t\t\t\t\t\t\t\t\t\t\t\t\t\t\t\t\t\t\t\t\t\t\t\t<a data-fancybox=\"gallery_fancybox_1359\" href=\"https:\/\/www.meyer-siegfried.com\/eifeler-dorfschreiner-holzbau-zimmerei-dachdecker\/wp-content\/uploads\/2015\/06\/1-DSC09051558028f73bb5e-1024x680.jpg\" title=\"\" >\n\t\t\t\t\t\t\t\t\t\t\t\t\t\t\t\t<img decoding=\"async\" width=&quot;200&quot; height=&quot;160&quot; style=\"width:200px; height:160px; border-width: 10px; border-color:#f1f1f1;border: 10px solid #f1f1f1\" alt=\"\" title=\"\" src=\"https:\/\/www.meyer-siegfried.com\/eifeler-dorfschreiner-holzbau-zimmerei-dachdecker\/wp-content\/uploads\/2015\/06\/1-DSC09051558028f73bb5e-200x160.jpg\" rel=\"https:\/\/www.meyer-siegfried.com\/eifeler-dorfschreiner-holzbau-zimmerei-dachdecker\/wp-content\/uploads\/2015\/06\/1-DSC09051558028f73bb5e.jpg\" \/>\t\t\t\t\t\t\t\t\t\t\t\t\t\t\t<\/a>\n\t\t\t\t\t\t\t\t\t\t\t\t\t\t\t\t\t\t\t\t\t\t\t\t\t\t<\/p>\n\t\t\t\t\t\t\t\t\t\t\t\t\t\t\t\t\t\t\t\t\t\t\t\t\t<div \n\t\t\t\t\t\t\t\t\t\t\t\t\tstyle=\"width:220px;\"\t\t\t\t\t\t\t\t\t\t\t\t\tclass=\"gllr_single_image_text gllr_single_image_text_under\">&nbsp;<\/div>\n\t\t\t\t\t\t\t\t\t\t\t\t\t\t\t\t\t\t\t\t\t\t\t<\/div><!-- .gllr_image_block -->\n\t\t\t\t\t\t\t\t\t\t\t\t\t\t\t\t\t\t\t\t\t<div class=\"gllr_image_block\">\n\t\t\t\t\t\t\t\t\t\t\t\t<p style=\"\n\t\t\t\t\t\t\t\t\t\t\t\twidth:220px;height:180px;\t\t\t\t\t\t\t\t\t\t\t\t\">\n\t\t\t\t\t\t\t\t\t\t\t\t\t\t\t\t\t\t\t\t\t\t\t\t\t\t\t\t<a data-fancybox=\"gallery_fancybox_1359\" href=\"https:\/\/www.meyer-siegfried.com\/eifeler-dorfschreiner-holzbau-zimmerei-dachdecker\/wp-content\/uploads\/2015\/06\/1-DSC0905355803b42d2fb6-1024x680.jpg\" title=\"\" >\n\t\t\t\t\t\t\t\t\t\t\t\t\t\t\t\t<img decoding=\"async\" width=&quot;200&quot; height=&quot;160&quot; style=\"width:200px; height:160px; border-width: 10px; border-color:#f1f1f1;border: 10px solid #f1f1f1\" alt=\"\" title=\"\" src=\"https:\/\/www.meyer-siegfried.com\/eifeler-dorfschreiner-holzbau-zimmerei-dachdecker\/wp-content\/uploads\/2015\/06\/1-DSC0905355803b42d2fb6-200x160.jpg\" rel=\"https:\/\/www.meyer-siegfried.com\/eifeler-dorfschreiner-holzbau-zimmerei-dachdecker\/wp-content\/uploads\/2015\/06\/1-DSC0905355803b42d2fb6.jpg\" \/>\t\t\t\t\t\t\t\t\t\t\t\t\t\t\t<\/a>\n\t\t\t\t\t\t\t\t\t\t\t\t\t\t\t\t\t\t\t\t\t\t\t\t\t\t<\/p>\n\t\t\t\t\t\t\t\t\t\t\t\t\t\t\t\t\t\t\t\t\t\t\t\t\t<div \n\t\t\t\t\t\t\t\t\t\t\t\t\tstyle=\"width:220px;\"\t\t\t\t\t\t\t\t\t\t\t\t\tclass=\"gllr_single_image_text gllr_single_image_text_under\">&nbsp;<\/div>\n\t\t\t\t\t\t\t\t\t\t\t\t\t\t\t\t\t\t\t\t\t\t\t<\/div><!-- .gllr_image_block -->\n\t\t\t\t\t\t\t\t\t\t\t\t\t\t\t\t\t\t\t\t\t<div class=\"gllr_image_block\">\n\t\t\t\t\t\t\t\t\t\t\t\t<p style=\"\n\t\t\t\t\t\t\t\t\t\t\t\twidth:220px;height:180px;\t\t\t\t\t\t\t\t\t\t\t\t\">\n\t\t\t\t\t\t\t\t\t\t\t\t\t\t\t\t\t\t\t\t\t\t\t\t\t\t\t\t<a data-fancybox=\"gallery_fancybox_1359\" href=\"https:\/\/www.meyer-siegfried.com\/eifeler-dorfschreiner-holzbau-zimmerei-dachdecker\/wp-content\/uploads\/2015\/06\/1-DSC0905255803b4b16c96-1024x680.jpg\" title=\"\" >\n\t\t\t\t\t\t\t\t\t\t\t\t\t\t\t\t<img decoding=\"async\" width=&quot;200&quot; height=&quot;160&quot; style=\"width:200px; height:160px; border-width: 10px; border-color:#f1f1f1;border: 10px solid #f1f1f1\" alt=\"\" title=\"\" src=\"https:\/\/www.meyer-siegfried.com\/eifeler-dorfschreiner-holzbau-zimmerei-dachdecker\/wp-content\/uploads\/2015\/06\/1-DSC0905255803b4b16c96-200x160.jpg\" rel=\"https:\/\/www.meyer-siegfried.com\/eifeler-dorfschreiner-holzbau-zimmerei-dachdecker\/wp-content\/uploads\/2015\/06\/1-DSC0905255803b4b16c96.jpg\" \/>\t\t\t\t\t\t\t\t\t\t\t\t\t\t\t<\/a>\n\t\t\t\t\t\t\t\t\t\t\t\t\t\t\t\t\t\t\t\t\t\t\t\t\t\t<\/p>\n\t\t\t\t\t\t\t\t\t\t\t\t\t\t\t\t\t\t\t\t\t\t\t\t\t<div \n\t\t\t\t\t\t\t\t\t\t\t\t\tstyle=\"width:220px;\"\t\t\t\t\t\t\t\t\t\t\t\t\tclass=\"gllr_single_image_text gllr_single_image_text_under\">&nbsp;<\/div>\n\t\t\t\t\t\t\t\t\t\t\t\t\t\t\t\t\t\t\t\t\t\t\t<\/div><!-- .gllr_image_block -->\n\t\t\t\t\t\t\t\t\t\t\t\t\t\t\t\t\t\t\t\t\t<\/div><!-- .gllr_image_row -->\n\t\t\t\t\t\t\t\t\t\t\t\t\t\t\t\t\t\t\t\t\t\t<div class=\"gllr_image_row\">\n\t\t\t\t\t\t\t\t\t\t\t\t\t\t\t\t\t\t\t\t\t<div class=\"gllr_image_block\">\n\t\t\t\t\t\t\t\t\t\t\t\t<p style=\"\n\t\t\t\t\t\t\t\t\t\t\t\twidth:220px;height:180px;\t\t\t\t\t\t\t\t\t\t\t\t\">\n\t\t\t\t\t\t\t\t\t\t\t\t\t\t\t\t\t\t\t\t\t\t\t\t\t\t\t\t<a data-fancybox=\"gallery_fancybox_1359\" href=\"https:\/\/www.meyer-siegfried.com\/eifeler-dorfschreiner-holzbau-zimmerei-dachdecker\/wp-content\/uploads\/2015\/06\/1-DSC0905655803b51e09b4-1024x680.jpg\" title=\"\" >\n\t\t\t\t\t\t\t\t\t\t\t\t\t\t\t\t<img decoding=\"async\" width=&quot;200&quot; height=&quot;160&quot; style=\"width:200px; height:160px; border-width: 10px; border-color:#f1f1f1;border: 10px solid #f1f1f1\" alt=\"\" title=\"\" src=\"https:\/\/www.meyer-siegfried.com\/eifeler-dorfschreiner-holzbau-zimmerei-dachdecker\/wp-content\/uploads\/2015\/06\/1-DSC0905655803b51e09b4-200x160.jpg\" rel=\"https:\/\/www.meyer-siegfried.com\/eifeler-dorfschreiner-holzbau-zimmerei-dachdecker\/wp-content\/uploads\/2015\/06\/1-DSC0905655803b51e09b4.jpg\" \/>\t\t\t\t\t\t\t\t\t\t\t\t\t\t\t<\/a>\n\t\t\t\t\t\t\t\t\t\t\t\t\t\t\t\t\t\t\t\t\t\t\t\t\t\t<\/p>\n\t\t\t\t\t\t\t\t\t\t\t\t\t\t\t\t\t\t\t\t\t\t\t\t\t<div \n\t\t\t\t\t\t\t\t\t\t\t\t\tstyle=\"width:220px;\"\t\t\t\t\t\t\t\t\t\t\t\t\tclass=\"gllr_single_image_text gllr_single_image_text_under\">&nbsp;<\/div>\n\t\t\t\t\t\t\t\t\t\t\t\t\t\t\t\t\t\t\t\t\t\t\t<\/div><!-- .gllr_image_block -->\n\t\t\t\t\t\t\t\t\t\t\t\t\t\t\t\t\t\t\t\t\t<div class=\"gllr_image_block\">\n\t\t\t\t\t\t\t\t\t\t\t\t<p style=\"\n\t\t\t\t\t\t\t\t\t\t\t\twidth:220px;height:180px;\t\t\t\t\t\t\t\t\t\t\t\t\">\n\t\t\t\t\t\t\t\t\t\t\t\t\t\t\t\t\t\t\t\t\t\t\t\t\t\t\t\t<a data-fancybox=\"gallery_fancybox_1359\" href=\"https:\/\/www.meyer-siegfried.com\/eifeler-dorfschreiner-holzbau-zimmerei-dachdecker\/wp-content\/uploads\/2015\/06\/1-DSC0905855803b58b1864-1024x682.jpg\" title=\"\" >\n\t\t\t\t\t\t\t\t\t\t\t\t\t\t\t\t<img decoding=\"async\" width=&quot;200&quot; height=&quot;160&quot; style=\"width:200px; height:160px; border-width: 10px; border-color:#f1f1f1;border: 10px solid #f1f1f1\" alt=\"\" title=\"\" src=\"https:\/\/www.meyer-siegfried.com\/eifeler-dorfschreiner-holzbau-zimmerei-dachdecker\/wp-content\/uploads\/2015\/06\/1-DSC0905855803b58b1864-200x160.jpg\" rel=\"https:\/\/www.meyer-siegfried.com\/eifeler-dorfschreiner-holzbau-zimmerei-dachdecker\/wp-content\/uploads\/2015\/06\/1-DSC0905855803b58b1864.jpg\" \/>\t\t\t\t\t\t\t\t\t\t\t\t\t\t\t<\/a>\n\t\t\t\t\t\t\t\t\t\t\t\t\t\t\t\t\t\t\t\t\t\t\t\t\t\t<\/p>\n\t\t\t\t\t\t\t\t\t\t\t\t\t\t\t\t\t\t\t\t\t\t\t\t\t<div \n\t\t\t\t\t\t\t\t\t\t\t\t\tstyle=\"width:220px;\"\t\t\t\t\t\t\t\t\t\t\t\t\tclass=\"gllr_single_image_text gllr_single_image_text_under\">&nbsp;<\/div>\n\t\t\t\t\t\t\t\t\t\t\t\t\t\t\t\t\t\t\t\t\t\t\t<\/div><!-- .gllr_image_block -->\n\t\t\t\t\t\t\t\t\t\t\t\t\t\t\t\t\t\t\t\t\t<div class=\"gllr_image_block\">\n\t\t\t\t\t\t\t\t\t\t\t\t<p style=\"\n\t\t\t\t\t\t\t\t\t\t\t\twidth:220px;height:180px;\t\t\t\t\t\t\t\t\t\t\t\t\">\n\t\t\t\t\t\t\t\t\t\t\t\t\t\t\t\t\t\t\t\t\t\t\t\t\t\t\t\t<a data-fancybox=\"gallery_fancybox_1359\" href=\"https:\/\/www.meyer-siegfried.com\/eifeler-dorfschreiner-holzbau-zimmerei-dachdecker\/wp-content\/uploads\/2015\/06\/1-DSC0906655803b60273a5-1024x680.jpg\" title=\"\" >\n\t\t\t\t\t\t\t\t\t\t\t\t\t\t\t\t<img decoding=\"async\" width=&quot;200&quot; height=&quot;160&quot; style=\"width:200px; height:160px; border-width: 10px; border-color:#f1f1f1;border: 10px solid #f1f1f1\" alt=\"\" title=\"\" src=\"https:\/\/www.meyer-siegfried.com\/eifeler-dorfschreiner-holzbau-zimmerei-dachdecker\/wp-content\/uploads\/2015\/06\/1-DSC0906655803b60273a5-200x160.jpg\" rel=\"https:\/\/www.meyer-siegfried.com\/eifeler-dorfschreiner-holzbau-zimmerei-dachdecker\/wp-content\/uploads\/2015\/06\/1-DSC0906655803b60273a5.jpg\" \/>\t\t\t\t\t\t\t\t\t\t\t\t\t\t\t<\/a>\n\t\t\t\t\t\t\t\t\t\t\t\t\t\t\t\t\t\t\t\t\t\t\t\t\t\t<\/p>\n\t\t\t\t\t\t\t\t\t\t\t\t\t\t\t\t\t\t\t\t\t\t\t\t\t<div \n\t\t\t\t\t\t\t\t\t\t\t\t\tstyle=\"width:220px;\"\t\t\t\t\t\t\t\t\t\t\t\t\tclass=\"gllr_single_image_text gllr_single_image_text_under\">&nbsp;<\/div>\n\t\t\t\t\t\t\t\t\t\t\t\t\t\t\t\t\t\t\t\t\t\t\t<\/div><!-- .gllr_image_block -->\n\t\t\t\t\t\t\t\t\t\t\t\t\t\t\t\t\t\t\t\t\t<div class=\"gllr_image_block\">\n\t\t\t\t\t\t\t\t\t\t\t\t<p style=\"\n\t\t\t\t\t\t\t\t\t\t\t\twidth:220px;height:180px;\t\t\t\t\t\t\t\t\t\t\t\t\">\n\t\t\t\t\t\t\t\t\t\t\t\t\t\t\t\t\t\t\t\t\t\t\t\t\t\t\t\t<a data-fancybox=\"gallery_fancybox_1359\" href=\"https:\/\/www.meyer-siegfried.com\/eifeler-dorfschreiner-holzbau-zimmerei-dachdecker\/wp-content\/uploads\/2015\/06\/1-DSC0907455803b66e55ce-1024x680.jpg\" title=\"\" >\n\t\t\t\t\t\t\t\t\t\t\t\t\t\t\t\t<img decoding=\"async\" width=&quot;200&quot; height=&quot;160&quot; style=\"width:200px; height:160px; border-width: 10px; border-color:#f1f1f1;border: 10px solid #f1f1f1\" alt=\"\" title=\"\" src=\"https:\/\/www.meyer-siegfried.com\/eifeler-dorfschreiner-holzbau-zimmerei-dachdecker\/wp-content\/uploads\/2015\/06\/1-DSC0907455803b66e55ce-200x160.jpg\" rel=\"https:\/\/www.meyer-siegfried.com\/eifeler-dorfschreiner-holzbau-zimmerei-dachdecker\/wp-content\/uploads\/2015\/06\/1-DSC0907455803b66e55ce.jpg\" \/>\t\t\t\t\t\t\t\t\t\t\t\t\t\t\t<\/a>\n\t\t\t\t\t\t\t\t\t\t\t\t\t\t\t\t\t\t\t\t\t\t\t\t\t\t<\/p>\n\t\t\t\t\t\t\t\t\t\t\t\t\t\t\t\t\t\t\t\t\t\t\t\t\t<div \n\t\t\t\t\t\t\t\t\t\t\t\t\tstyle=\"width:220px;\"\t\t\t\t\t\t\t\t\t\t\t\t\tclass=\"gllr_single_image_text gllr_single_image_text_under\">&nbsp;<\/div>\n\t\t\t\t\t\t\t\t\t\t\t\t\t\t\t\t\t\t\t\t\t\t\t<\/div><!-- .gllr_image_block -->\n\t\t\t\t\t\t\t\t\t\t\t\t\t\t\t\t\t\t\t\t\t<\/div><!-- .gllr_image_row -->\n\t\t\t\t\t\t\t\t\t\t\t\t\t\t\t\t\t\t\t\t\t\t<div class=\"gllr_image_row\">\n\t\t\t\t\t\t\t\t\t\t\t\t\t\t\t\t\t\t\t\t\t<div class=\"gllr_image_block\">\n\t\t\t\t\t\t\t\t\t\t\t\t<p style=\"\n\t\t\t\t\t\t\t\t\t\t\t\twidth:220px;height:180px;\t\t\t\t\t\t\t\t\t\t\t\t\">\n\t\t\t\t\t\t\t\t\t\t\t\t\t\t\t\t\t\t\t\t\t\t\t\t\t\t\t\t<a data-fancybox=\"gallery_fancybox_1359\" href=\"https:\/\/www.meyer-siegfried.com\/eifeler-dorfschreiner-holzbau-zimmerei-dachdecker\/wp-content\/uploads\/2015\/06\/1-DSC0907555803b6dbe9aa-680x1024.jpg\" title=\"\" >\n\t\t\t\t\t\t\t\t\t\t\t\t\t\t\t\t<img decoding=\"async\" width=&quot;200&quot; height=&quot;160&quot; style=\"width:200px; height:160px; border-width: 10px; border-color:#f1f1f1;border: 10px solid #f1f1f1\" alt=\"\" title=\"\" src=\"https:\/\/www.meyer-siegfried.com\/eifeler-dorfschreiner-holzbau-zimmerei-dachdecker\/wp-content\/uploads\/2015\/06\/1-DSC0907555803b6dbe9aa-200x160.jpg\" rel=\"https:\/\/www.meyer-siegfried.com\/eifeler-dorfschreiner-holzbau-zimmerei-dachdecker\/wp-content\/uploads\/2015\/06\/1-DSC0907555803b6dbe9aa.jpg\" \/>\t\t\t\t\t\t\t\t\t\t\t\t\t\t\t<\/a>\n\t\t\t\t\t\t\t\t\t\t\t\t\t\t\t\t\t\t\t\t\t\t\t\t\t\t<\/p>\n\t\t\t\t\t\t\t\t\t\t\t\t\t\t\t\t\t\t\t\t\t\t\t\t\t<div \n\t\t\t\t\t\t\t\t\t\t\t\t\tstyle=\"width:220px;\"\t\t\t\t\t\t\t\t\t\t\t\t\tclass=\"gllr_single_image_text gllr_single_image_text_under\">&nbsp;<\/div>\n\t\t\t\t\t\t\t\t\t\t\t\t\t\t\t\t\t\t\t\t\t\t\t<\/div><!-- .gllr_image_block -->\n\t\t\t\t\t\t\t\t\t\t\t\t\t\t\t\t\t\t\t\t\t<div class=\"gllr_image_block\">\n\t\t\t\t\t\t\t\t\t\t\t\t<p style=\"\n\t\t\t\t\t\t\t\t\t\t\t\twidth:220px;height:180px;\t\t\t\t\t\t\t\t\t\t\t\t\">\n\t\t\t\t\t\t\t\t\t\t\t\t\t\t\t\t\t\t\t\t\t\t\t\t\t\t\t\t<a data-fancybox=\"gallery_fancybox_1359\" href=\"https:\/\/www.meyer-siegfried.com\/eifeler-dorfschreiner-holzbau-zimmerei-dachdecker\/wp-content\/uploads\/2015\/06\/1-DSC09089558041696303c-1024x680.jpg\" title=\"\" >\n\t\t\t\t\t\t\t\t\t\t\t\t\t\t\t\t<img decoding=\"async\" width=&quot;200&quot; height=&quot;160&quot; style=\"width:200px; height:160px; border-width: 10px; border-color:#f1f1f1;border: 10px solid #f1f1f1\" alt=\"\" title=\"\" src=\"https:\/\/www.meyer-siegfried.com\/eifeler-dorfschreiner-holzbau-zimmerei-dachdecker\/wp-content\/uploads\/2015\/06\/1-DSC09089558041696303c-200x160.jpg\" rel=\"https:\/\/www.meyer-siegfried.com\/eifeler-dorfschreiner-holzbau-zimmerei-dachdecker\/wp-content\/uploads\/2015\/06\/1-DSC09089558041696303c.jpg\" \/>\t\t\t\t\t\t\t\t\t\t\t\t\t\t\t<\/a>\n\t\t\t\t\t\t\t\t\t\t\t\t\t\t\t\t\t\t\t\t\t\t\t\t\t\t<\/p>\n\t\t\t\t\t\t\t\t\t\t\t\t\t\t\t\t\t\t\t\t\t\t\t\t\t<div \n\t\t\t\t\t\t\t\t\t\t\t\t\tstyle=\"width:220px;\"\t\t\t\t\t\t\t\t\t\t\t\t\tclass=\"gllr_single_image_text gllr_single_image_text_under\">&nbsp;<\/div>\n\t\t\t\t\t\t\t\t\t\t\t\t\t\t\t\t\t\t\t\t\t\t\t<\/div><!-- .gllr_image_block -->\n\t\t\t\t\t\t\t\t\t\t\t\t\t\t\t\t\t\t\t\t\t<div class=\"gllr_image_block\">\n\t\t\t\t\t\t\t\t\t\t\t\t<p style=\"\n\t\t\t\t\t\t\t\t\t\t\t\twidth:220px;height:180px;\t\t\t\t\t\t\t\t\t\t\t\t\">\n\t\t\t\t\t\t\t\t\t\t\t\t\t\t\t\t\t\t\t\t\t\t\t\t\t\t\t\t<a data-fancybox=\"gallery_fancybox_1359\" href=\"https:\/\/www.meyer-siegfried.com\/eifeler-dorfschreiner-holzbau-zimmerei-dachdecker\/wp-content\/uploads\/2015\/06\/1-DSC091415580417024cfd-681x1024.jpg\" title=\"\" >\n\t\t\t\t\t\t\t\t\t\t\t\t\t\t\t\t<img decoding=\"async\" width=&quot;200&quot; height=&quot;160&quot; style=\"width:200px; height:160px; border-width: 10px; border-color:#f1f1f1;border: 10px solid #f1f1f1\" alt=\"\" title=\"\" src=\"https:\/\/www.meyer-siegfried.com\/eifeler-dorfschreiner-holzbau-zimmerei-dachdecker\/wp-content\/uploads\/2015\/06\/1-DSC091415580417024cfd-200x160.jpg\" rel=\"https:\/\/www.meyer-siegfried.com\/eifeler-dorfschreiner-holzbau-zimmerei-dachdecker\/wp-content\/uploads\/2015\/06\/1-DSC091415580417024cfd.jpg\" \/>\t\t\t\t\t\t\t\t\t\t\t\t\t\t\t<\/a>\n\t\t\t\t\t\t\t\t\t\t\t\t\t\t\t\t\t\t\t\t\t\t\t\t\t\t<\/p>\n\t\t\t\t\t\t\t\t\t\t\t\t\t\t\t\t\t\t\t\t\t\t\t\t\t<div \n\t\t\t\t\t\t\t\t\t\t\t\t\tstyle=\"width:220px;\"\t\t\t\t\t\t\t\t\t\t\t\t\tclass=\"gllr_single_image_text gllr_single_image_text_under\">&nbsp;<\/div>\n\t\t\t\t\t\t\t\t\t\t\t\t\t\t\t\t\t\t\t\t\t\t\t<\/div><!-- .gllr_image_block -->\n\t\t\t\t\t\t\t\t\t\t\t\t\t\t\t\t\t\t\t\t\t<div class=\"gllr_image_block\">\n\t\t\t\t\t\t\t\t\t\t\t\t<p style=\"\n\t\t\t\t\t\t\t\t\t\t\t\twidth:220px;height:180px;\t\t\t\t\t\t\t\t\t\t\t\t\">\n\t\t\t\t\t\t\t\t\t\t\t\t\t\t\t\t\t\t\t\t\t\t\t\t\t\t\t\t<a data-fancybox=\"gallery_fancybox_1359\" href=\"https:\/\/www.meyer-siegfried.com\/eifeler-dorfschreiner-holzbau-zimmerei-dachdecker\/wp-content\/uploads\/2015\/06\/1-DSC09098558192e23f94b-680x1024.jpg\" title=\"\" >\n\t\t\t\t\t\t\t\t\t\t\t\t\t\t\t\t<img decoding=\"async\" width=&quot;200&quot; height=&quot;160&quot; style=\"width:200px; height:160px; border-width: 10px; border-color:#f1f1f1;border: 10px solid #f1f1f1\" alt=\"\" title=\"\" src=\"https:\/\/www.meyer-siegfried.com\/eifeler-dorfschreiner-holzbau-zimmerei-dachdecker\/wp-content\/uploads\/2015\/06\/1-DSC09098558192e23f94b-200x160.jpg\" rel=\"https:\/\/www.meyer-siegfried.com\/eifeler-dorfschreiner-holzbau-zimmerei-dachdecker\/wp-content\/uploads\/2015\/06\/1-DSC09098558192e23f94b.jpg\" \/>\t\t\t\t\t\t\t\t\t\t\t\t\t\t\t<\/a>\n\t\t\t\t\t\t\t\t\t\t\t\t\t\t\t\t\t\t\t\t\t\t\t\t\t\t<\/p>\n\t\t\t\t\t\t\t\t\t\t\t\t\t\t\t\t\t\t\t\t\t\t\t\t\t<div \n\t\t\t\t\t\t\t\t\t\t\t\t\tstyle=\"width:220px;\"\t\t\t\t\t\t\t\t\t\t\t\t\tclass=\"gllr_single_image_text gllr_single_image_text_under\">&nbsp;<\/div>\n\t\t\t\t\t\t\t\t\t\t\t\t\t\t\t\t\t\t\t\t\t\t\t<\/div><!-- .gllr_image_block -->\n\t\t\t\t\t\t\t\t\t\t\t\t\t\t\t\t\t\t\t\t\t<\/div><!-- .gllr_image_row -->\n\t\t\t\t\t\t\t\t\t\t\t\t\t\t\t\t\t\t\t\t\t\t<div class=\"gllr_image_row\">\n\t\t\t\t\t\t\t\t\t\t\t\t\t\t\t\t\t\t\t\t\t<div class=\"gllr_image_block\">\n\t\t\t\t\t\t\t\t\t\t\t\t<p style=\"\n\t\t\t\t\t\t\t\t\t\t\t\twidth:220px;height:180px;\t\t\t\t\t\t\t\t\t\t\t\t\">\n\t\t\t\t\t\t\t\t\t\t\t\t\t\t\t\t\t\t\t\t\t\t\t\t\t\t\t\t<a data-fancybox=\"gallery_fancybox_1359\" href=\"https:\/\/www.meyer-siegfried.com\/eifeler-dorfschreiner-holzbau-zimmerei-dachdecker\/wp-content\/uploads\/2015\/06\/1-DSC09152558192e813da0-680x1024.jpg\" title=\"\" >\n\t\t\t\t\t\t\t\t\t\t\t\t\t\t\t\t<img decoding=\"async\" width=&quot;200&quot; height=&quot;160&quot; style=\"width:200px; height:160px; border-width: 10px; border-color:#f1f1f1;border: 10px solid #f1f1f1\" alt=\"\" title=\"\" src=\"https:\/\/www.meyer-siegfried.com\/eifeler-dorfschreiner-holzbau-zimmerei-dachdecker\/wp-content\/uploads\/2015\/06\/1-DSC09152558192e813da0-200x160.jpg\" rel=\"https:\/\/www.meyer-siegfried.com\/eifeler-dorfschreiner-holzbau-zimmerei-dachdecker\/wp-content\/uploads\/2015\/06\/1-DSC09152558192e813da0.jpg\" \/>\t\t\t\t\t\t\t\t\t\t\t\t\t\t\t<\/a>\n\t\t\t\t\t\t\t\t\t\t\t\t\t\t\t\t\t\t\t\t\t\t\t\t\t\t<\/p>\n\t\t\t\t\t\t\t\t\t\t\t\t\t\t\t\t\t\t\t\t\t\t\t\t\t<div \n\t\t\t\t\t\t\t\t\t\t\t\t\tstyle=\"width:220px;\"\t\t\t\t\t\t\t\t\t\t\t\t\tclass=\"gllr_single_image_text gllr_single_image_text_under\">&nbsp;<\/div>\n\t\t\t\t\t\t\t\t\t\t\t\t\t\t\t\t\t\t\t\t\t\t\t<\/div><!-- .gllr_image_block -->\n\t\t\t\t\t\t\t\t\t\t\t\t\t\t\t\t\t\t\t\t\t<div class=\"gllr_image_block\">\n\t\t\t\t\t\t\t\t\t\t\t\t<p style=\"\n\t\t\t\t\t\t\t\t\t\t\t\twidth:220px;height:180px;\t\t\t\t\t\t\t\t\t\t\t\t\">\n\t\t\t\t\t\t\t\t\t\t\t\t\t\t\t\t\t\t\t\t\t\t\t\t\t\t\t\t<a data-fancybox=\"gallery_fancybox_1359\" href=\"https:\/\/www.meyer-siegfried.com\/eifeler-dorfschreiner-holzbau-zimmerei-dachdecker\/wp-content\/uploads\/2015\/06\/1-DSC09085558192edaae96-680x1024.jpg\" title=\"\" >\n\t\t\t\t\t\t\t\t\t\t\t\t\t\t\t\t<img decoding=\"async\" width=&quot;200&quot; height=&quot;160&quot; style=\"width:200px; height:160px; border-width: 10px; border-color:#f1f1f1;border: 10px solid #f1f1f1\" alt=\"\" title=\"\" src=\"https:\/\/www.meyer-siegfried.com\/eifeler-dorfschreiner-holzbau-zimmerei-dachdecker\/wp-content\/uploads\/2015\/06\/1-DSC09085558192edaae96-200x160.jpg\" rel=\"https:\/\/www.meyer-siegfried.com\/eifeler-dorfschreiner-holzbau-zimmerei-dachdecker\/wp-content\/uploads\/2015\/06\/1-DSC09085558192edaae96.jpg\" \/>\t\t\t\t\t\t\t\t\t\t\t\t\t\t\t<\/a>\n\t\t\t\t\t\t\t\t\t\t\t\t\t\t\t\t\t\t\t\t\t\t\t\t\t\t<\/p>\n\t\t\t\t\t\t\t\t\t\t\t\t\t\t\t\t\t\t\t\t\t\t\t\t\t<div \n\t\t\t\t\t\t\t\t\t\t\t\t\tstyle=\"width:220px;\"\t\t\t\t\t\t\t\t\t\t\t\t\tclass=\"gllr_single_image_text gllr_single_image_text_under\">&nbsp;<\/div>\n\t\t\t\t\t\t\t\t\t\t\t\t\t\t\t\t\t\t\t\t\t\t\t<\/div><!-- .gllr_image_block -->\n\t\t\t\t\t\t\t\t\t\t\t\t\t\t\t\t\t\t\t\t\t<div class=\"clear\"><\/div>\n\t\t\t\t\t\t\t\t\t\t<\/div><!-- .gllr_image_row -->\n\t\t\t\t\t\t\t\t\t\t\t\t\t\t\t\t\t<\/div><!-- .gallery.clearfix -->\n\t\t\t\t\t\t\t\t\t\t\t\t\t\t<\/div><!-- .gallery_box_single -->\n\t\t\t\t\t\t<div class=\"gllr_clear\"><\/div>\n\t\t\t\t\t\t\n<hr \/>\n<p style=\"text-align: left;\">\t\t\t\t<div class=\"gallery_box\">\n\t\t\t\t\t<ul>\n\t\t\t\t\t\t\t\t\t\t\t\t\t<li>\n\t\t\t\t\t\t\t\t<a rel=\"bookmark\" href=\"https:\/\/www.meyer-siegfried.com\/eifeler-dorfschreiner-holzbau-zimmerei-dachdecker\/gallery\/moebel-auf-mass\/\" title=\"M\u00f6bel auf Ma\u00df\">\n\t\t\t\t\t\t\t\t\t<img decoding=\"async\" width=&quot;240&quot; height=&quot;160&quot; style=\"width:240px; height:160px; border-width: 10px; border-color:#f1f1f1;border: 10px solid #f1f1f1\" alt=\"M\u00f6bel auf Ma\u00df\" title=\"M\u00f6bel auf Ma\u00df\" src=\"https:\/\/www.meyer-siegfried.com\/eifeler-dorfschreiner-holzbau-zimmerei-dachdecker\/wp-content\/uploads\/2015\/06\/1-DSC0906855819283bb584-240x160.jpg\" \/>\t\t\t\t\t\t\t\t<\/a>\n\t\t\t\t\t\t\t\t<div class=\"gallery_detail_box\">\n\t\t\t\t\t\t\t\t\t<div class=\"gllr_detail_title\">M\u00f6bel auf Ma\u00df<\/div>\n\t\t\t\t\t\t\t\t\t<div class=\"gllr_detail_excerpt\"><\/div>\n\t\t\t\t\t\t\t\t\t<a href=\"https:\/\/www.meyer-siegfried.com\/eifeler-dorfschreiner-holzbau-zimmerei-dachdecker\/gallery\/moebel-auf-mass\/\">Fotos anzeigen \u00bb<\/a>\n\t\t\t\t\t\t\t\t<\/div><!-- .gallery_detail_box -->\n\t\t\t\t\t\t\t\t<div class=\"gllr_clear\"><\/div>\n\t\t\t\t\t\t\t<\/li>\n\t\t\t\t\t\t\t\t\t\t\t<\/ul>\n\t\t\t\t<\/div><!-- .gallery_box -->\n\t\t\t\t<\/p>\n","protected":false},"excerpt":{"rendered":"","protected":false},"author":3,"featured_media":0,"parent":0,"menu_order":0,"comment_status":"closed","ping_status":"closed","template":"","meta":{"footnotes":""},"class_list":["post-1282","page","type-page","status-publish","hentry"],"_links":{"self":[{"href":"https:\/\/www.meyer-siegfried.com\/eifeler-dorfschreiner-holzbau-zimmerei-dachdecker\/wp-json\/wp\/v2\/pages\/1282","targetHints":{"allow":["GET"]}}],"collection":[{"href":"https:\/\/www.meyer-siegfried.com\/eifeler-dorfschreiner-holzbau-zimmerei-dachdecker\/wp-json\/wp\/v2\/pages"}],"about":[{"href":"https:\/\/www.meyer-siegfried.com\/eifeler-dorfschreiner-holzbau-zimmerei-dachdecker\/wp-json\/wp\/v2\/types\/page"}],"author":[{"embeddable":true,"href":"https:\/\/www.meyer-siegfried.com\/eifeler-dorfschreiner-holzbau-zimmerei-dachdecker\/wp-json\/wp\/v2\/users\/3"}],"replies":[{"embeddable":true,"href":"https:\/\/www.meyer-siegfried.com\/eifeler-dorfschreiner-holzbau-zimmerei-dachdecker\/wp-json\/wp\/v2\/comments?post=1282"}],"version-history":[{"count":7,"href":"https:\/\/www.meyer-siegfried.com\/eifeler-dorfschreiner-holzbau-zimmerei-dachdecker\/wp-json\/wp\/v2\/pages\/1282\/revisions"}],"predecessor-version":[{"id":2209,"href":"https:\/\/www.meyer-siegfried.com\/eifeler-dorfschreiner-holzbau-zimmerei-dachdecker\/wp-json\/wp\/v2\/pages\/1282\/revisions\/2209"}],"wp:attachment":[{"href":"https:\/\/www.meyer-siegfried.com\/eifeler-dorfschreiner-holzbau-zimmerei-dachdecker\/wp-json\/wp\/v2\/media?parent=1282"}],"curies":[{"name":"wp","href":"https:\/\/api.w.org\/{rel}","templated":true}]}}